{"id":1428,"date":"2017-11-22T14:31:17","date_gmt":"2017-11-22T14:31:17","guid":{"rendered":"https:\/\/praxis-milland.com\/?page_id=1428"},"modified":"2025-07-07T10:09:16","modified_gmt":"2025-07-07T10:09:16","slug":"bereiche","status":"publish","type":"page","link":"https:\/\/praxis-milland.com\/?page_id=1428&lang=it","title":{"rendered":"Ambiti"},"content":{"rendered":"<p>[et_pb_section fb_built=&#8220;1&#8243; _builder_version=&#8220;4.23.1&#8243; _module_preset=&#8220;default&#8220; background_color=&#8220;#f8f3ee&#8220; custom_margin=&#8220;||||false|false&#8220; custom_padding=&#8220;0px||0px||false|false&#8220; global_colors_info=&#8220;{}&#8220;][et_pb_row _builder_version=&#8220;4.23.1&#8243; _module_preset=&#8220;default&#8220; background_color=&#8220;#ffffff&#8220; width=&#8220;100%&#8220; max_width=&#8220;2600px&#8220; custom_margin=&#8220;||100px||false|false&#8220; global_colors_info=&#8220;{}&#8220;][et_pb_column type=&#8220;4_4&#8243; _builder_version=&#8220;4.23.1&#8243; _module_preset=&#8220;default&#8220; global_colors_info=&#8220;{}&#8220;][et_pb_image src=&#8220;https:\/\/praxis-milland.com\/wp-content\/uploads\/2023\/11\/Logo-Bereiche-1.png&#8220; title_text=&#8220;Logo-Bereiche&#8220; url=&#8220;@ET-DC@eyJkeW5hbWljIjp0cnVlLCJjb250ZW50IjoicG9zdF9saW5rX3VybF9wYWdlIiwic2V0dGluZ3MiOnsicG9zdF9pZCI6IjEwNiJ9fQ==@&#8220; align=&#8220;center&#8220; _builder_version=&#8220;4.23.1&#8243; _dynamic_attributes=&#8220;url&#8220; _module_preset=&#8220;default&#8220; module_alignment=&#8220;center&#8220; max_height=&#8220;100px&#8220; custom_margin=&#8220;25px||25px||false|false&#8220; global_colors_info=&#8220;{}&#8220;][\/et_pb_image][\/et_pb_column][\/et_pb_row][et_pb_row _builder_version=&#8220;4.23.1&#8243; _module_preset=&#8220;default&#8220; width=&#8220;100%&#8220; max_width=&#8220;1920px&#8220; custom_margin=&#8220;||-32px||false|false&#8220; custom_margin_tablet=&#8220;-50px||||false|false&#8220; custom_margin_phone=&#8220;-50px||-32px||false|false&#8220; custom_margin_last_edited=&#8220;on|tablet&#8220; global_colors_info=&#8220;{}&#8220;][et_pb_column type=&#8220;4_4&#8243; _builder_version=&#8220;4.23.1&#8243; _module_preset=&#8220;default&#8220; global_colors_info=&#8220;{}&#8220;][et_pb_text _builder_version=&#8220;4.23.1&#8243; _module_preset=&#8220;default&#8220; global_colors_info=&#8220;{}&#8220;]<\/p>\n<h1 style=\"text-align: center;\">Ambiti<\/h1>\n<p>[\/et_pb_text][et_pb_image src=&#8220;https:\/\/praxis-milland.com\/wp-content\/uploads\/2024\/01\/Ambiti.png&#8220; title_text=&#8220;Ambiti&#8220; _builder_version=&#8220;4.23.1&#8243; _module_preset=&#8220;default&#8220; background_enable_image=&#8220;off&#8220; max_width=&#8220;1920%&#8220; custom_margin=&#8220;||-7px|||&#8220; global_colors_info=&#8220;{}&#8220;][\/et_pb_image][\/et_pb_column][\/et_pb_row][et_pb_row column_structure=&#8220;2_3,1_3&#8243; _builder_version=&#8220;4.23.1&#8243; _module_preset=&#8220;default&#8220; background_color=&#8220;#f8f3ee&#8220; width=&#8220;100%&#8220; max_width=&#8220;1920px&#8220; custom_margin=&#8220;0px||||false|false&#8220; custom_margin_tablet=&#8220;0px||||false|false&#8220; custom_margin_phone=&#8220;0px||||false|false&#8220; custom_margin_last_edited=&#8220;on|phone&#8220; custom_padding=&#8220;100px||100px||false|false&#8220; border_color_bottom=&#8220;#000000&#8243; global_colors_info=&#8220;{}&#8220;][et_pb_column type=&#8220;2_3&#8243; _builder_version=&#8220;4.23.1&#8243; _module_preset=&#8220;default&#8220; global_colors_info=&#8220;{}&#8220;][et_pb_text content_tablet=&#8220;<\/p>\n<h3 style=%22text-align: center;%22>Physio<\/h3>\n<p>&#8220; content_phone=&#8220;<\/p>\n<h3 style=%22text-align: center;%22><strong>Physio<\/strong><\/h3>\n<p>&#8220; content_last_edited=&#8220;on|desktop&#8220; _builder_version=&#8220;4.23.1&#8243; _module_preset=&#8220;default&#8220; width=&#8220;70%&#8220; module_alignment=&#8220;center&#8220; module_alignment_tablet=&#8220;center&#8220; module_alignment_last_edited=&#8220;off|tablet&#8220; global_colors_info=&#8220;{}&#8220;]<\/p>\n<h2 style=\"text-align: left;\">PHYSIO<\/h2>\n<p>[\/et_pb_text][et_pb_text content_tablet=&#8220;<\/p>\n<h3 style=%22text-align: center;%22>Fisioterapia per alleviare<br \/>\nil dolore e favorire<br \/>\nil movimento<\/h3>\n<p>&#8220; content_phone=&#8220;<\/p>\n<h3 style=%22text-align: center;%22><strong>Fisioterapia per alleviare<br \/>\nil dolore e favorire il movimento<\/strong><\/h3>\n<p>&#8220; content_last_edited=&#8220;on|phone&#8220; _builder_version=&#8220;4.23.1&#8243; _module_preset=&#8220;default&#8220; width=&#8220;70%&#8220; module_alignment=&#8220;center&#8220; global_colors_info=&#8220;{}&#8220;]<\/p>\n<h3>Fisioterapia per alleviare il dolore e favorire il movimento<\/h3>\n<p>[\/et_pb_text][et_pb_text content_tablet=&#8220;<\/p>\n<p style=%22text-align: center;%22>Your content goes here. Edit or remove this text inline or in the module Content settings. You can also style every aspect of this content in the module Design settings and even apply custom CSS to this text in the module Advanced settings.<\/p>\n<p>&#8220; content_phone=&#8220;<\/p>\n<p style=%22text-align: left;%22>Your content goes here. Edit or remove this text inline or in the module Content settings. You can also style every aspect of this content in the module Design settings and even apply custom CSS to this text in the module Advanced settings.<\/p>\n<p>&#8220; content_last_edited=&#8220;off|phone&#8220; _builder_version=&#8220;4.23.1&#8243; _module_preset=&#8220;default&#8220; width=&#8220;70%&#8220; width_tablet=&#8220;80%&#8220; width_phone=&#8220;79%&#8220; width_last_edited=&#8220;on|desktop&#8220; module_alignment=&#8220;center&#8220; global_colors_info=&#8220;{}&#8220;]<\/p>\n<p>Nel nostro reparto di fisioterapia offriamo una gamma completa di trattamenti volti a migliorare la mobilit\u00e0, alleviare il dolore e migliorare il benessere generale. Il nostro team esperto di fisioterapisti qualificati offre una variet\u00e0 di specializzazioni e metodi di trattamento, tra cui la terapia cranio-sacrale, la terapia manuale, l&#8217;osteopatia e la terapia fasciale. Ci concentriamo sulla ricerca di soluzioni individuali per le vostre esigenze e lavoriamo a stretto contatto con voi per ottenere risultati ottimali.<\/p>\n<p>[\/et_pb_text][\/et_pb_column][et_pb_column type=&#8220;1_3&#8243; _builder_version=&#8220;4.23.1&#8243; _module_preset=&#8220;default&#8220; global_colors_info=&#8220;{}&#8220;][\/et_pb_column][\/et_pb_row][et_pb_row column_structure=&#8220;2_3,1_3&#8243; _builder_version=&#8220;4.23.1&#8243; _module_preset=&#8220;default&#8220; background_color=&#8220;#f8f3ee&#8220; width=&#8220;100%&#8220; max_width=&#8220;1920px&#8220; custom_margin=&#8220;-50px||||false|false&#8220; custom_margin_tablet=&#8220;-100px||||false|false&#8220; custom_margin_phone=&#8220;-150px||||false|false&#8220; custom_margin_last_edited=&#8220;on|phone&#8220; custom_padding=&#8220;||||false|false&#8220; border_color_bottom=&#8220;#000000&#8243; global_colors_info=&#8220;{}&#8220;][et_pb_column type=&#8220;2_3&#8243; _builder_version=&#8220;4.23.1&#8243; _module_preset=&#8220;default&#8220; global_colors_info=&#8220;{}&#8220;][et_pb_text content_tablet=&#8220;<\/p>\n<h3 style=%22text-align: left;%22>Disturbi trattati<\/h3>\n<p>&#8220; content_phone=&#8220;<\/p>\n<h3 style=%22text-align: left;%22><strong>Disturbi trattati<\/strong><\/h3>\n<p>&#8220; content_last_edited=&#8220;on|phone&#8220; _builder_version=&#8220;4.23.1&#8243; _module_preset=&#8220;default&#8220; width=&#8220;70%&#8220; width_tablet=&#8220;80%&#8220; width_phone=&#8220;79%&#8220; width_last_edited=&#8220;on|desktop&#8220; module_alignment=&#8220;center&#8220; global_colors_info=&#8220;{}&#8220;]<\/p>\n<h3 style=\"text-align: left;\">Disturbi trattati<\/h3>\n<p>[\/et_pb_text][\/et_pb_column][et_pb_column type=&#8220;1_3&#8243; _builder_version=&#8220;4.23.1&#8243; _module_preset=&#8220;default&#8220; global_colors_info=&#8220;{}&#8220;][\/et_pb_column][\/et_pb_row][et_pb_row column_structure=&#8220;1_3,1_3,1_3&#8243; use_custom_gutter=&#8220;on&#8220; gutter_width=&#8220;1&#8243; _builder_version=&#8220;4.23.1&#8243; _module_preset=&#8220;default&#8220; background_color=&#8220;#f8f3ee&#8220; width=&#8220;90%&#8220; max_width=&#8220;1920px&#8220; custom_margin=&#8220;-3px|auto||auto|false|false&#8220; custom_margin_tablet=&#8220;-100px||||false|false&#8220; custom_margin_phone=&#8220;-150px||||false|false&#8220; custom_margin_last_edited=&#8220;on|phone&#8220; custom_padding=&#8220;||||false|false&#8220; border_color_bottom=&#8220;#000000&#8243; global_colors_info=&#8220;{}&#8220;][et_pb_column type=&#8220;1_3&#8243; _builder_version=&#8220;4.23.1&#8243; _module_preset=&#8220;default&#8220; global_colors_info=&#8220;{}&#8220;][et_pb_text content_tablet=&#8220;<\/p>\n<p style=%22text-align: center;%22>Your content goes here. Edit or remove this text inline or in the module Content settings. You can also style every aspect of this content in the module Design settings and even apply custom CSS to this text in the module Advanced settings.<\/p>\n<p>&#8220; content_phone=&#8220;<\/p>\n<p style=%22text-align: left;%22>Your content goes here. Edit or remove this text inline or in the module Content settings. You can also style every aspect of this content in the module Design settings and even apply custom CSS to this text in the module Advanced settings.<\/p>\n<p>&#8220; content_last_edited=&#8220;off|phone&#8220; _builder_version=&#8220;4.23.1&#8243; _module_preset=&#8220;default&#8220; width=&#8220;70%&#8220; width_tablet=&#8220;80%&#8220; width_phone=&#8220;79%&#8220; width_last_edited=&#8220;on|desktop&#8220; module_alignment=&#8220;center&#8220; global_colors_info=&#8220;{}&#8220;]<\/p>\n<ul>\n<li>Dolore alla schiena<\/li>\n<li>Lombalgia<\/li>\n<li>Dolore al collo<\/li>\n<li>Dolore alla spalla<\/li>\n<li>Slittamento del disco<\/li>\n<li>Dolore al ginocchio<\/li>\n<li>Dolore all&#8217;anca<\/li>\n<li>Osteoartrite<\/li>\n<li>Artrite<\/li>\n<li>Osteoporosi<\/li>\n<li>Alluce valgo<\/li>\n<li>Dismenorrea<\/li>\n<\/ul>\n<p>[\/et_pb_text][\/et_pb_column][et_pb_column type=&#8220;1_3&#8243; _builder_version=&#8220;4.23.1&#8243; _module_preset=&#8220;default&#8220; global_colors_info=&#8220;{}&#8220;][et_pb_text content_tablet=&#8220;<\/p>\n<p style=%22text-align: center;%22>Your content goes here. Edit or remove this text inline or in the module Content settings. You can also style every aspect of this content in the module Design settings and even apply custom CSS to this text in the module Advanced settings.<\/p>\n<p>&#8220; content_phone=&#8220;<\/p>\n<p style=%22text-align: left;%22>Your content goes here. Edit or remove this text inline or in the module Content settings. You can also style every aspect of this content in the module Design settings and even apply custom CSS to this text in the module Advanced settings.<\/p>\n<p>&#8220; content_last_edited=&#8220;off|phone&#8220; _builder_version=&#8220;4.23.1&#8243; _module_preset=&#8220;default&#8220; width=&#8220;70%&#8220; width_tablet=&#8220;80%&#8220; width_phone=&#8220;79%&#8220; width_last_edited=&#8220;on|desktop&#8220; module_alignment=&#8220;center&#8220; custom_margin_tablet=&#8220;-18px||||false|false&#8220; custom_margin_phone=&#8220;-18px||||false|false&#8220; custom_margin_last_edited=&#8220;on|desktop&#8220; global_colors_info=&#8220;{}&#8220;]<\/p>\n<ul>\n<li>Rizartrosi<\/li>\n<li>Prolasso dell&#8217;utero<\/li>\n<li>Cefalea tensiva<\/li>\n<li>Blocco ISG<\/li>\n<li>Sciatica<\/li>\n<li>Incontinenza<\/li>\n<li>Linfedema post-operatorio<\/li>\n<li>Torcicollo<\/li>\n<li>Sindrome del tunnel carpale<\/li>\n<li>Disturbi del menisco<\/li>\n<li>Mal di testa<\/li>\n<li>Vertigini<\/li>\n<li>Problemi alla mascella<\/li>\n<\/ul>\n<p>[\/et_pb_text][\/et_pb_column][et_pb_column type=&#8220;1_3&#8243; _builder_version=&#8220;4.23.1&#8243; _module_preset=&#8220;default&#8220; global_colors_info=&#8220;{}&#8220;][\/et_pb_column][\/et_pb_row][et_pb_row _builder_version=&#8220;4.23.1&#8243; _module_preset=&#8220;default&#8220; background_color=&#8220;#f8f3ee&#8220; width=&#8220;100%&#8220; max_width=&#8220;1920px&#8220; custom_margin=&#8220;-50px||||false|false&#8220; custom_margin_tablet=&#8220;-100px||||false|false&#8220; custom_margin_phone=&#8220;-150px||||false|false&#8220; custom_margin_last_edited=&#8220;on|phone&#8220; custom_padding=&#8220;||||false|false&#8220; border_color_bottom=&#8220;#000000&#8243; global_colors_info=&#8220;{}&#8220;][et_pb_column type=&#8220;4_4&#8243; _builder_version=&#8220;4.23.1&#8243; _module_preset=&#8220;default&#8220; global_colors_info=&#8220;{}&#8220;][et_pb_button button_url=&#8220;@ET-DC@eyJkeW5hbWljIjp0cnVlLCJjb250ZW50IjoicG9zdF9saW5rX3VybF9wYWdlIiwic2V0dGluZ3MiOnsicG9zdF9pZCI6IjE2NSJ9fQ==@&#8220; button_text=&#8220;Vai all&#8217;offerta&#8220; button_alignment=&#8220;center&#8220; _builder_version=&#8220;4.23.1&#8243; _dynamic_attributes=&#8220;button_url&#8220; _module_preset=&#8220;default&#8220; custom_button=&#8220;on&#8220; button_text_color=&#8220;#ffffff&#8220; button_bg_color=&#8220;#898fd4&#8243; button_border_width=&#8220;0px&#8220; custom_margin=&#8220;50px|||-800px|false|false&#8220; custom_margin_tablet=&#8220;0px||50px|0px|false|false&#8220; custom_margin_phone=&#8220;||0px|0px|false|false&#8220; custom_margin_last_edited=&#8220;on|desktop&#8220; global_colors_info=&#8220;{}&#8220;][\/et_pb_button][\/et_pb_column][\/et_pb_row][et_pb_row column_structure=&#8220;1_3,2_3&#8243; _builder_version=&#8220;4.23.1&#8243; _module_preset=&#8220;default&#8220; background_color=&#8220;#f8f3ee&#8220; width=&#8220;100%&#8220; max_width=&#8220;1920px&#8220; custom_margin=&#8220;100px|auto||auto||&#8220; custom_margin_tablet=&#8220;-50px||||false|false&#8220; custom_margin_phone=&#8220;0px||||false|false&#8220; custom_margin_last_edited=&#8220;on|phone&#8220; custom_padding=&#8220;||100px||false|false&#8220; border_color_bottom=&#8220;#000000&#8243; global_colors_info=&#8220;{}&#8220;][et_pb_column type=&#8220;1_3&#8243; _builder_version=&#8220;4.23.1&#8243; _module_preset=&#8220;default&#8220; global_colors_info=&#8220;{}&#8220;][\/et_pb_column][et_pb_column type=&#8220;2_3&#8243; _builder_version=&#8220;4.23.1&#8243; _module_preset=&#8220;default&#8220; global_colors_info=&#8220;{}&#8220;][et_pb_text content_tablet=&#8220;<\/p>\n<h3 style=%22text-align: center;%22>Gyn<\/h3>\n<p>&#8220; content_phone=&#8220;<\/p>\n<h3 style=%22text-align: center;%22><strong>Gyn<\/strong><\/h3>\n<p>&#8220; content_last_edited=&#8220;on|phone&#8220; _builder_version=&#8220;4.23.1&#8243; _module_preset=&#8220;default&#8220; width=&#8220;70%&#8220; module_alignment=&#8220;center&#8220; global_colors_info=&#8220;{}&#8220;]<\/p>\n<h3 style=\"text-align: left;\">GYN<\/h3>\n<p>[\/et_pb_text][et_pb_text content_tablet=&#8220;<\/p>\n<h3 style=%22text-align: center;%22>Ginecologia e ostetricia<\/h3>\n<p>&#8220; content_phone=&#8220;<\/p>\n<h3 style=%22text-align: center;%22><strong>Ginecologia e ostetricia<\/strong><\/h3>\n<p>&#8220; content_last_edited=&#8220;on|phone&#8220; _builder_version=&#8220;4.23.1&#8243; _module_preset=&#8220;default&#8220; width=&#8220;70%&#8220; module_alignment=&#8220;center&#8220; global_colors_info=&#8220;{}&#8220;]<\/p>\n<h3 style=\"text-align: left;\">Ginecologia e ostetricia<\/h3>\n<p>[\/et_pb_text][et_pb_text content_tablet=&#8220;<\/p>\n<p style=%22text-align: center;%22>Your content goes here. Edit or remove this text inline or in the module Content settings. You can also style every aspect of this content in the module Design settings and even apply custom CSS to this text in the module Advanced settings.<\/p>\n<p>&#8220; content_phone=&#8220;<\/p>\n<p style=%22text-align: left;%22>Your content goes here. Edit or remove this text inline or in the module Content settings. You can also style every aspect of this content in the module Design settings and even apply custom CSS to this text in the module Advanced settings.<\/p>\n<p>&#8220; content_last_edited=&#8220;off|phone&#8220; _builder_version=&#8220;4.23.1&#8243; _module_preset=&#8220;default&#8220; width=&#8220;70%&#8220; width_tablet=&#8220;80%&#8220; width_phone=&#8220;79%&#8220; width_last_edited=&#8220;on|desktop&#8220; module_alignment=&#8220;center&#8220; global_colors_info=&#8220;{}&#8220;]<\/p>\n<p>L\u2019\u00e9quipe del nostro studio di ginecologia e ostetricia offre alle donne un\u2019assistenza completa e attenta in tutte le fasi della loro vita. Le nostre specialiste, la dott.ssa Thalmann Verena<span class=\"Apple-converted-space\">\u00a0<\/span>e la dott.ssa Neuner Valentina, offrono una gamma completa di consulenze e trattamenti ambulatoriali per la salute della donna.<span class=\"Apple-converted-space\"> <\/span>Attribuiamo grande importanza alla creazione di un ambiente<span class=\"Apple-converted-space\">\u00a0<\/span>di fiducia e benessere, in cui ogni donna si senta compresa e ben assistita.<\/p>\n<p>[\/et_pb_text][et_pb_text content_tablet=&#8220;<\/p>\n<h3 style=%22text-align: left;%22>Offerta terapeutica<\/h3>\n<p>&#8220; content_phone=&#8220;<\/p>\n<h3 style=%22text-align: left;%22><strong>Offerta terapeutica<\/strong><\/h3>\n<p>&#8220; content_last_edited=&#8220;on|phone&#8220; _builder_version=&#8220;4.23.1&#8243; _module_preset=&#8220;default&#8220; width=&#8220;70%&#8220; width_tablet=&#8220;80%&#8220; width_phone=&#8220;79%&#8220; width_last_edited=&#8220;on|desktop&#8220; module_alignment=&#8220;center&#8220; global_colors_info=&#8220;{}&#8220;]<\/p>\n<h3 style=\"text-align: left;\">Offerta terapeutica<\/h3>\n<p>[\/et_pb_text][et_pb_text content_tablet=&#8220;<\/p>\n<p style=%22text-align: center;%22>Your content goes here. Edit or remove this text inline or in the module Content settings. You can also style every aspect of this content in the module Design settings and even apply custom CSS to this text in the module Advanced settings.<\/p>\n<p>&#8220; content_phone=&#8220;<\/p>\n<p style=%22text-align: left;%22>Your content goes here. Edit or remove this text inline or in the module Content settings. You can also style every aspect of this content in the module Design settings and even apply custom CSS to this text in the module Advanced settings.<\/p>\n<p>&#8220; content_last_edited=&#8220;off|phone&#8220; _builder_version=&#8220;4.27.3&#8243; _module_preset=&#8220;default&#8220; width=&#8220;70%&#8220; width_tablet=&#8220;80%&#8220; width_phone=&#8220;79%&#8220; width_last_edited=&#8220;on|desktop&#8220; module_alignment=&#8220;center&#8220; hover_enabled=&#8220;0&#8243; global_colors_info=&#8220;{}&#8220; sticky_enabled=&#8220;0&#8243;]<\/p>\n<ul>\n<li>Visite ginecologiche, PAP test\/HPV test<\/li>\n<li>Assistenza alla gravidanza<\/li>\n<li>Diagnosi e terapia dei disturbi ginecologici<\/li>\n<li><span style=\"font-size: 15px;\">Servizio psicologico (in ambulatorio o anche online) in lingua italiana<\/span><\/li>\n<\/ul>\n<p>[\/et_pb_text][et_pb_button button_url=&#8220;@ET-DC@eyJkeW5hbWljIjp0cnVlLCJjb250ZW50IjoicG9zdF9saW5rX3VybF9wYWdlIiwic2V0dGluZ3MiOnsicG9zdF9pZCI6IjE4MSJ9fQ==@&#8220; button_text=&#8220;Vai all&#8217;offerta&#8220; button_alignment=&#8220;center&#8220; _builder_version=&#8220;4.23.1&#8243; _dynamic_attributes=&#8220;button_url&#8220; _module_preset=&#8220;default&#8220; custom_button=&#8220;on&#8220; button_text_color=&#8220;#ffffff&#8220; button_bg_color=&#8220;#898fd4&#8243; button_border_width=&#8220;0px&#8220; custom_margin=&#8220;|||-350px|false|false&#8220; custom_margin_tablet=&#8220;||50px|0px|false|false&#8220; custom_margin_phone=&#8220;||0px|0px|false|false&#8220; custom_margin_last_edited=&#8220;on|desktop&#8220; global_colors_info=&#8220;{}&#8220;][\/et_pb_button][\/et_pb_column][\/et_pb_row][et_pb_row column_structure=&#8220;2_3,1_3&#8243; _builder_version=&#8220;4.23.1&#8243; _module_preset=&#8220;default&#8220; background_color=&#8220;#f8f3ee&#8220; width=&#8220;100%&#8220; max_width=&#8220;1920px&#8220; custom_margin_tablet=&#8220;-100px||||false|false&#8220; custom_margin_phone=&#8220;-50px||||false|false&#8220; custom_margin_last_edited=&#8220;on|phone&#8220; custom_padding=&#8220;||100px||false|false&#8220; border_color_bottom=&#8220;#000000&#8243; global_colors_info=&#8220;{}&#8220;][et_pb_column type=&#8220;2_3&#8243; _builder_version=&#8220;4.23.1&#8243; _module_preset=&#8220;default&#8220; global_colors_info=&#8220;{}&#8220;][et_pb_text content_tablet=&#8220;<\/p>\n<h3 style=%22text-align: center;%22>Health<\/h3>\n<p>&#8220; content_phone=&#8220;<\/p>\n<h3 style=%22text-align: center;%22><strong>Health<\/strong><\/h3>\n<p>&#8220; content_last_edited=&#8220;on|desktop&#8220; _builder_version=&#8220;4.23.1&#8243; _module_preset=&#8220;default&#8220; width=&#8220;70%&#8220; module_alignment=&#8220;center&#8220; global_colors_info=&#8220;{}&#8220;]<\/p>\n<h3 style=\"text-align: left;\">HEALTH<\/h3>\n<p>[\/et_pb_text][et_pb_text content_tablet=&#8220;<\/p>\n<h3 style=%22text-align: center;%22>Promozione della salute a tutti i livelli<\/h3>\n<p>&#8220; content_phone=&#8220;<\/p>\n<h3 style=%22text-align: center;%22><strong>Promozione della salute a tutti i livelli<\/strong><\/h3>\n<p>&#8220; content_last_edited=&#8220;on|phone&#8220; _builder_version=&#8220;4.23.1&#8243; _module_preset=&#8220;default&#8220; width=&#8220;70%&#8220; module_alignment=&#8220;center&#8220; global_colors_info=&#8220;{}&#8220;]<\/p>\n<h3>Promozione della salute a tutti i livelli<\/h3>\n<p>[\/et_pb_text][et_pb_text content_tablet=&#8220;<\/p>\n<p style=%22text-align: center;%22>Your content goes here. Edit or remove this text inline or in the module Content settings. You can also style every aspect of this content in the module Design settings and even apply custom CSS to this text in the module Advanced settings.<\/p>\n<p>&#8220; content_phone=&#8220;<\/p>\n<p style=%22text-align: left;%22>Your content goes here. Edit or remove this text inline or in the module Content settings. You can also style every aspect of this content in the module Design settings and even apply custom CSS to this text in the module Advanced settings.<\/p>\n<p>&#8220; content_last_edited=&#8220;off|phone&#8220; _builder_version=&#8220;4.23.1&#8243; _module_preset=&#8220;default&#8220; width=&#8220;70%&#8220; width_tablet=&#8220;80%&#8220; width_phone=&#8220;79%&#8220; width_last_edited=&#8220;on|desktop&#8220; module_alignment=&#8220;center&#8220; global_colors_info=&#8220;{}&#8220;]<\/p>\n<p>Il reparto salute di Praxis Milland \u00e8 caratterizzato da un approccio olistico che combina medicina convenzionale e complementare. I nostri esperti sono specializzati nel considerare ogni paziente individualmente e nell&#8217;offrire soluzioni su misura. Con un&#8217;ampia gamma di servizi, dalla pediatria all&#8217;agopuntura e auricoloterapia, dalla consulenza nutrizionale specializzata ai vari gruppi di allenamento attivo, ci impegniamo a promuovere e mantenere la salute a tutti i livelli.<\/p>\n<p>[\/et_pb_text][et_pb_text content_tablet=&#8220;<\/p>\n<h3 style=%22text-align: left;%22>Disturbi trattati<\/h3>\n<p>&#8220; content_phone=&#8220;<\/p>\n<h3 style=%22text-align: left;%22><strong>Disturbi trattati<\/strong><\/h3>\n<p>&#8220; content_last_edited=&#8220;on|phone&#8220; _builder_version=&#8220;4.23.1&#8243; _module_preset=&#8220;default&#8220; width=&#8220;70%&#8220; width_tablet=&#8220;80%&#8220; width_phone=&#8220;79%&#8220; width_last_edited=&#8220;on|desktop&#8220; module_alignment=&#8220;center&#8220; global_colors_info=&#8220;{}&#8220;]<\/p>\n<h3 style=\"text-align: left;\">Disturbi trattati<\/h3>\n<p>[\/et_pb_text][\/et_pb_column][et_pb_column type=&#8220;1_3&#8243; _builder_version=&#8220;4.23.1&#8243; _module_preset=&#8220;default&#8220; global_colors_info=&#8220;{}&#8220;][\/et_pb_column][\/et_pb_row][et_pb_row column_structure=&#8220;1_3,1_3,1_3&#8243; use_custom_gutter=&#8220;on&#8220; gutter_width=&#8220;1&#8243; _builder_version=&#8220;4.23.1&#8243; _module_preset=&#8220;default&#8220; background_color=&#8220;#f8f3ee&#8220; width=&#8220;100%&#8220; max_width=&#8220;1920px&#8220; custom_margin=&#8220;-50px||||false|false&#8220; custom_margin_tablet=&#8220;-100px||||false|false&#8220; custom_margin_phone=&#8220;-150px||||false|false&#8220; custom_margin_last_edited=&#8220;on|phone&#8220; custom_padding=&#8220;||2px||false|false&#8220; border_color_bottom=&#8220;#000000&#8243; global_colors_info=&#8220;{}&#8220;][et_pb_column type=&#8220;1_3&#8243; _builder_version=&#8220;4.23.1&#8243; _module_preset=&#8220;default&#8220; global_colors_info=&#8220;{}&#8220;][et_pb_text content_tablet=&#8220;<\/p>\n<p style=%22text-align: center;%22>Your content goes here. Edit or remove this text inline or in the module Content settings. You can also style every aspect of this content in the module Design settings and even apply custom CSS to this text in the module Advanced settings.<\/p>\n<p>&#8220; content_phone=&#8220;<\/p>\n<p style=%22text-align: left;%22>Your content goes here. Edit or remove this text inline or in the module Content settings. You can also style every aspect of this content in the module Design settings and even apply custom CSS to this text in the module Advanced settings.<\/p>\n<p>&#8220; content_last_edited=&#8220;off|phone&#8220; _builder_version=&#8220;4.23.1&#8243; _module_preset=&#8220;default&#8220; width=&#8220;70%&#8220; width_tablet=&#8220;80%&#8220; width_phone=&#8220;79%&#8220; width_last_edited=&#8220;on|desktop&#8220; module_alignment=&#8220;center&#8220; global_colors_info=&#8220;{}&#8220;]<\/p>\n<h3><strong>Ambulatorio di pediatria e medicina dell\u2019adolescenza (Dott.ssa Elisabeth Fulterer):<\/strong><\/h3>\n<ul>\n<li>Allergie<\/li>\n<li>Ansia<\/li>\n<li>Disturbi del sonno<\/li>\n<li>Suscettibilit\u00e0 alle infezioni<\/li>\n<li>Problemi nutrizionali<\/li>\n<li>Problemi digestivi<\/li>\n<li>Dolori addominali<\/li>\n<li>Mal di testa\/emicrania<\/li>\n<li>Enuresi notturna<\/li>\n<li>Mal d&#8217;auto<\/li>\n<li>&#8230;<\/li>\n<\/ul>\n<p><span>e molte altre indicazioni, vedi <span style=\"color: #f4a187;\"><a href=\"https:\/\/praxis-milland.com\/?page_id=261\" style=\"color: #f4a187;\">la mia pagina.<\/a><\/span><\/span><\/p>\n<p>[\/et_pb_text][\/et_pb_column][et_pb_column type=&#8220;1_3&#8243; _builder_version=&#8220;4.23.1&#8243; _module_preset=&#8220;default&#8220; global_colors_info=&#8220;{}&#8220;][et_pb_text content_tablet=&#8220;<\/p>\n<p style=%22text-align: center;%22>Your content goes here. Edit or remove this text inline or in the module Content settings. You can also style every aspect of this content in the module Design settings and even apply custom CSS to this text in the module Advanced settings.<\/p>\n<p>&#8220; content_phone=&#8220;<\/p>\n<p style=%22text-align: left;%22>Your content goes here. Edit or remove this text inline or in the module Content settings. You can also style every aspect of this content in the module Design settings and even apply custom CSS to this text in the module Advanced settings.<\/p>\n<p>&#8220; content_last_edited=&#8220;off|phone&#8220; _builder_version=&#8220;4.23.1&#8243; _module_preset=&#8220;default&#8220; width=&#8220;70%&#8220; width_tablet=&#8220;80%&#8220; width_phone=&#8220;79%&#8220; width_last_edited=&#8220;on|desktop&#8220; module_alignment=&#8220;center&#8220; custom_margin_tablet=&#8220;&#8220; custom_margin_phone=&#8220;100px||||false|false&#8220; custom_margin_last_edited=&#8220;on|phone&#8220; global_colors_info=&#8220;{}&#8220;]<\/p>\n<h3><strong><span style=\"font-size: 20px;\">Agopuntura auricolare e corporea, auricolomedicina (Dott.ssa Elisabeth Fulterer):<\/span><\/strong><\/h3>\n<ul>\n<li>Dolori<\/li>\n<li>Cancellazione della memoria del dolore per il dolore cronico (ad es. emicrania)<\/li>\n<li>Analisi delle sorgenti e dei campi di interferenza per disturbi che non rispondono adeguatamente a terapie o che sono ricorrenti<\/li>\n<li>Problemi mestruali<\/li>\n<li>Disturbi del sonno\/insonnia<\/li>\n<li>Allergie<\/li>\n<li>Nausea<\/li>\n<li>Problemi digestivi<\/li>\n<li>Sintomi della menopausa<\/li>\n<li>&#8230;<\/li>\n<\/ul>\n<p><span>e molte altre indicazioni, vedi\u00a0<span style=\"color: #f4a187;\"><a href=\"https:\/\/praxis-milland.com\/?page_id=261\" style=\"color: #f4a187;\">la mia pagina.<\/a><\/span><\/span><\/p>\n<p>[\/et_pb_text][\/et_pb_column][et_pb_column type=&#8220;1_3&#8243; _builder_version=&#8220;4.23.1&#8243; _module_preset=&#8220;default&#8220; global_colors_info=&#8220;{}&#8220;][et_pb_text content_tablet=&#8220;<\/p>\n<p style=%22text-align: center;%22>Your content goes here. Edit or remove this text inline or in the module Content settings. You can also style every aspect of this content in the module Design settings and even apply custom CSS to this text in the module Advanced settings.<\/p>\n<p>&#8220; content_phone=&#8220;<\/p>\n<p style=%22text-align: left;%22>Your content goes here. Edit or remove this text inline or in the module Content settings. You can also style every aspect of this content in the module Design settings and even apply custom CSS to this text in the module Advanced settings.<\/p>\n<p>&#8220; content_last_edited=&#8220;off|phone&#8220; _builder_version=&#8220;4.23.1&#8243; _module_preset=&#8220;default&#8220; width=&#8220;70%&#8220; width_tablet=&#8220;80%&#8220; width_phone=&#8220;79%&#8220; width_last_edited=&#8220;on|desktop&#8220; module_alignment=&#8220;center&#8220; custom_margin_tablet=&#8220;&#8220; custom_margin_phone=&#8220;100px||||false|false&#8220; custom_margin_last_edited=&#8220;on|phone&#8220; global_colors_info=&#8220;{}&#8220;]<\/p>\n<h3><strong>Alimentazione (Matthias Unterkircher):<\/strong><\/h3>\n<ul>\n<li>Gestione del peso<\/li>\n<li>Malattie metaboliche<\/li>\n<li>Malattie cardiovascolari<\/li>\n<li>Disturbi digestivi<\/li>\n<li>Allergie e intolleranze<\/li>\n<li>Malattie renali<\/li>\n<li>Cancro<\/li>\n<li>Gravidanza e allattamento<\/li>\n<li>Pediatria e medicina dell&#8217;adolescenza<\/li>\n<li>Invecchiamento<\/li>\n<li>Stanchezza<\/li>\n<li>Mal di testa o insonnia<\/li>\n<li>Disturbi reumatici come dolori articolari, crampi, ecc.<\/li>\n<li>Sintomi come eczema, afte o eruzioni cutanee<\/li>\n<\/ul>\n<p>[\/et_pb_text][\/et_pb_column][\/et_pb_row][et_pb_row _builder_version=&#8220;4.23.1&#8243; _module_preset=&#8220;default&#8220; background_color=&#8220;#f8f3ee&#8220; width=&#8220;100%&#8220; max_width=&#8220;1920px&#8220; custom_margin_tablet=&#8220;-100px||||false|false&#8220; custom_margin_phone=&#8220;-50px||||false|false&#8220; custom_margin_last_edited=&#8220;on|phone&#8220; custom_padding=&#8220;||100px||false|false&#8220; border_color_bottom=&#8220;#000000&#8243; global_colors_info=&#8220;{}&#8220;][et_pb_column type=&#8220;4_4&#8243; _builder_version=&#8220;4.23.1&#8243; _module_preset=&#8220;default&#8220; global_colors_info=&#8220;{}&#8220;][et_pb_button button_url=&#8220;@ET-DC@eyJkeW5hbWljIjp0cnVlLCJjb250ZW50IjoicG9zdF9saW5rX3VybF9wYWdlIiwic2V0dGluZ3MiOnsicG9zdF9pZCI6IjE3NCJ9fQ==@&#8220; button_text=&#8220;Vai all&#8217;offerta&#8220; button_alignment=&#8220;center&#8220; _builder_version=&#8220;4.23.1&#8243; _dynamic_attributes=&#8220;button_url&#8220; _module_preset=&#8220;default&#8220; custom_button=&#8220;on&#8220; button_text_color=&#8220;#ffffff&#8220; button_bg_color=&#8220;#898fd4&#8243; button_border_width=&#8220;0px&#8220; global_colors_info=&#8220;{}&#8220;][\/et_pb_button][\/et_pb_column][\/et_pb_row][\/et_pb_section]<\/p>\n","protected":false},"excerpt":{"rendered":"<p>AmbitiPHYSIOFisioterapia per alleviare il dolore e favorire il movimentoNel nostro reparto di fisioterapia offriamo una gamma completa di trattamenti volti a migliorare la mobilit\u00e0, alleviare il dolore e migliorare il benessere generale. Il nostro team esperto di fisioterapisti qualificati offre una variet\u00e0 di specializzazioni e metodi di trattamento, tra cui la terapia cranio-sacrale, la terapia [&hellip;]<\/p>\n","protected":false},"author":2,"featured_media":0,"parent":0,"menu_order":0,"comment_status":"closed","ping_status":"closed","template":"","meta":{"_et_pb_use_builder":"on","_et_pb_old_content":"[et_pb_section fb_built=\"1\" _builder_version=\"4.23.1\" _module_preset=\"default\" background_color=\"#f8f3ee\" custom_margin=\"||||false|false\" custom_padding=\"0px||0px||false|false\" global_colors_info=\"{}\"][et_pb_row _builder_version=\"4.23.1\" _module_preset=\"default\" background_color=\"#ffffff\" width=\"100%\" max_width=\"2600px\" custom_margin=\"||100px||false|false\" global_colors_info=\"{}\"][et_pb_column type=\"4_4\" _builder_version=\"4.23.1\" _module_preset=\"default\" global_colors_info=\"{}\"][et_pb_image src=\"https:\/\/praxis-milland.com\/wp-content\/uploads\/2023\/11\/Logo-Bereiche-1.png\" title_text=\"Logo-Bereiche\" url=\"@ET-DC@eyJkeW5hbWljIjp0cnVlLCJjb250ZW50IjoicG9zdF9saW5rX3VybF9wYWdlIiwic2V0dGluZ3MiOnsicG9zdF9pZCI6IjEwNiJ9fQ==@\" align=\"center\" _builder_version=\"4.23.1\" _dynamic_attributes=\"url\" _module_preset=\"default\" module_alignment=\"center\" max_height=\"100px\" custom_margin=\"25px||25px||false|false\" global_colors_info=\"{}\"][\/et_pb_image][\/et_pb_column][\/et_pb_row][et_pb_row _builder_version=\"4.23.1\" _module_preset=\"default\" width=\"100%\" max_width=\"1920px\" custom_margin=\"||-32px||false|false\" custom_margin_tablet=\"-50px||||false|false\" custom_margin_phone=\"-50px||-32px||false|false\" custom_margin_last_edited=\"on|tablet\" global_colors_info=\"{}\"][et_pb_column type=\"4_4\" _builder_version=\"4.23.1\" _module_preset=\"default\" global_colors_info=\"{}\"][et_pb_text _builder_version=\"4.23.1\" _module_preset=\"default\" global_colors_info=\"{}\"]\n<h1 style=\"text-align: center;\">Bereiche<\/h1>\n[\/et_pb_text][et_pb_image src=\"https:\/\/praxis-milland.com\/wp-content\/uploads\/2024\/01\/Ambiti.png\" title_text=\"Ambiti\" _builder_version=\"4.23.1\" _module_preset=\"default\" background_enable_image=\"off\" max_width=\"1920%\" custom_margin=\"||-7px|||\" global_colors_info=\"{}\"][\/et_pb_image][\/et_pb_column][\/et_pb_row][et_pb_row column_structure=\"2_3,1_3\" _builder_version=\"4.23.1\" _module_preset=\"default\" background_color=\"#f8f3ee\" width=\"100%\" max_width=\"1920px\" custom_margin=\"0px||||false|false\" custom_margin_tablet=\"0px||||false|false\" custom_margin_phone=\"0px||||false|false\" custom_margin_last_edited=\"on|phone\" custom_padding=\"100px||100px||false|false\" border_color_bottom=\"#000000\" global_colors_info=\"{}\"][et_pb_column type=\"2_3\" _builder_version=\"4.23.1\" _module_preset=\"default\" global_colors_info=\"{}\"][et_pb_text content_tablet=\"\n<h3 style=%22text-align: center;%22>Physiotherapie<\/h3>\n\" content_phone=\"\n<h3 style=%22text-align: center;%22><strong>Physiotherapie<\/strong><\/h3>\n\" content_last_edited=\"on|desktop\" _builder_version=\"4.23.1\" _module_preset=\"default\" width=\"70%\" module_alignment=\"center\" module_alignment_tablet=\"center\" module_alignment_last_edited=\"off|tablet\" global_colors_info=\"{}\"]\n<h2 style=\"text-align: left;\">PHYSIO<\/h2>\n[\/et_pb_text][et_pb_text content_tablet=\"\n<h3 style=%22text-align: center;%22>Physiotherapie zur Schmerzlinderung und Bewegungsf\u00f6rderung<\/h3>\n\" content_phone=\"\n<h3 style=%22text-align: center;%22><strong>Physiotherapie zur<\/strong>\n<strong>Schmerzlinderung und Bewegungsf\u00f6rderung<\/strong><\/h3>\n\" content_last_edited=\"on|phone\" _builder_version=\"4.23.1\" _module_preset=\"default\" width=\"70%\" module_alignment=\"center\" global_colors_info=\"{}\"]\n<h3>Physiotherapie zur Schmerzlinderung und Bewegungsf\u00f6rderung<\/h3>\n[\/et_pb_text][et_pb_text content_tablet=\"\n<p style=%22text-align: center;%22>Your content goes here. Edit or remove this text inline or in the module Content settings. You can also style every aspect of this content in the module Design settings and even apply custom CSS to this text in the module Advanced settings.<\/p>\n\" content_phone=\"\n<p style=%22text-align: left;%22>Your content goes here. Edit or remove this text inline or in the module Content settings. You can also style every aspect of this content in the module Design settings and even apply custom CSS to this text in the module Advanced settings.<\/p>\n\" content_last_edited=\"off|phone\" _builder_version=\"4.23.1\" _module_preset=\"default\" width=\"70%\" width_tablet=\"80%\" width_phone=\"79%\" width_last_edited=\"on|desktop\" module_alignment=\"center\" global_colors_info=\"{}\"]\n<p style=\"text-align: left;\"><span style=\"font-weight: 400;\">In unserem Bereich der Physiotherapie bieten wir eine umfassende Palette an Behandlungen, die darauf abzielen, Ihre Beweglichkeit zu verbessern, Schmerzen zu lindern und Ihr allgemeines Wohlbefinden zu steigern. Unser erfahrenes Team aus qualifizierten Physiotherapeuten bringt eine Vielfalt an Spezialisierungen und Behandlungsmethoden mit, darunter Cranio Sacrale Therapie, Manuelle Therapie, Osteopathie und Faszientherapie. Wir sind darauf fokussiert, individuelle L\u00f6sungen f\u00fcr Ihre Bed\u00fcrfnisse zu finden und arbeiten eng mit Ihnen zusammen, um optimale Ergebnisse zu erzielen.<\/span><\/p>\n[\/et_pb_text][\/et_pb_column][et_pb_column type=\"1_3\" _builder_version=\"4.23.1\" _module_preset=\"default\" global_colors_info=\"{}\"][\/et_pb_column][\/et_pb_row][et_pb_row column_structure=\"2_3,1_3\" _builder_version=\"4.23.1\" _module_preset=\"default\" background_color=\"#f8f3ee\" width=\"100%\" max_width=\"1920px\" custom_margin=\"-50px||||false|false\" custom_margin_tablet=\"-100px||||false|false\" custom_margin_phone=\"-150px||||false|false\" custom_margin_last_edited=\"on|phone\" custom_padding=\"||||false|false\" border_color_bottom=\"#000000\" global_colors_info=\"{}\"][et_pb_column type=\"2_3\" _builder_version=\"4.23.1\" _module_preset=\"default\" global_colors_info=\"{}\"][et_pb_text content_tablet=\"\n<h3 style=%22text-align: left;%22>Behandelte Beschwerden<\/h3>\n\" content_phone=\"\n<h3 style=%22text-align: left;%22><strong>Behandelte Beschwerden<\/strong><\/h3>\n\" content_last_edited=\"on|phone\" _builder_version=\"4.23.1\" _module_preset=\"default\" width=\"70%\" width_tablet=\"80%\" width_phone=\"79%\" width_last_edited=\"on|desktop\" module_alignment=\"center\" global_colors_info=\"{}\"]\n<h3 style=\"text-align: left;\">Behandelte Beschwerden<\/h3>\n[\/et_pb_text][\/et_pb_column][et_pb_column type=\"1_3\" _builder_version=\"4.23.1\" _module_preset=\"default\" global_colors_info=\"{}\"][\/et_pb_column][\/et_pb_row][et_pb_row column_structure=\"1_3,1_3,1_3\" use_custom_gutter=\"on\" gutter_width=\"1\" _builder_version=\"4.23.1\" _module_preset=\"default\" background_color=\"#f8f3ee\" width=\"90%\" max_width=\"1920px\" custom_margin=\"-3px|auto||auto|false|false\" custom_margin_tablet=\"-100px||||false|false\" custom_margin_phone=\"-150px||||false|false\" custom_margin_last_edited=\"on|phone\" custom_padding=\"||||false|false\" border_color_bottom=\"#000000\" global_colors_info=\"{}\"][et_pb_column type=\"1_3\" _builder_version=\"4.23.1\" _module_preset=\"default\" global_colors_info=\"{}\"][et_pb_text content_tablet=\"\n<p style=%22text-align: center;%22>Your content goes here. Edit or remove this text inline or in the module Content settings. You can also style every aspect of this content in the module Design settings and even apply custom CSS to this text in the module Advanced settings.<\/p>\n\" content_phone=\"\n<p style=%22text-align: left;%22>Your content goes here. Edit or remove this text inline or in the module Content settings. You can also style every aspect of this content in the module Design settings and even apply custom CSS to this text in the module Advanced settings.<\/p>\n\" content_last_edited=\"off|phone\" _builder_version=\"4.23.1\" _module_preset=\"default\" width=\"70%\" width_tablet=\"80%\" width_phone=\"79%\" width_last_edited=\"on|desktop\" module_alignment=\"center\" global_colors_info=\"{}\"]\n<ul>\n \t<li>R\u00fcckenschmerz<\/li>\n \t<li>Lumbalgie<\/li>\n \t<li>Nackenschmerzen<\/li>\n \t<li>Schulterschmerzen<\/li>\n \t<li>Bandscheibenvorfall<\/li>\n \t<li>Knieschmerzen<\/li>\n \t<li>H\u00fcftschmerzen<\/li>\n \t<li>Arthrose<\/li>\n \t<li>Arthritis<\/li>\n \t<li>Osteoporose<\/li>\n \t<li>Hallux valgus<\/li>\n \t<li>Dysmenorrhoe<\/li>\n<\/ul>\n[\/et_pb_text][\/et_pb_column][et_pb_column type=\"1_3\" _builder_version=\"4.23.1\" _module_preset=\"default\" global_colors_info=\"{}\"][et_pb_text content_tablet=\"\n<p style=%22text-align: center;%22>Your content goes here. Edit or remove this text inline or in the module Content settings. You can also style every aspect of this content in the module Design settings and even apply custom CSS to this text in the module Advanced settings.<\/p>\n\" content_phone=\"\n<p style=%22text-align: left;%22>Your content goes here. Edit or remove this text inline or in the module Content settings. You can also style every aspect of this content in the module Design settings and even apply custom CSS to this text in the module Advanced settings.<\/p>\n\" content_last_edited=\"off|phone\" _builder_version=\"4.23.1\" _module_preset=\"default\" width=\"70%\" width_tablet=\"80%\" width_phone=\"79%\" width_last_edited=\"on|desktop\" module_alignment=\"center\" custom_margin_tablet=\"-18px||||false|false\" custom_margin_phone=\"-18px||||false|false\" custom_margin_last_edited=\"on|desktop\" global_colors_info=\"{}\"]\n<ul>\n \t<li>Rizarthrose<\/li>\n \t<li>Geb\u00e4rmuttersenkung<\/li>\n \t<li>Spannungskopfschmerz<\/li>\n \t<li>ISG-Blockade<\/li>\n \t<li>Ischiasbeschwerden<\/li>\n \t<li>Inkontinenz<\/li>\n \t<li>Post-OP Lymph\u00f6dem<\/li>\n \t<li>Schiefhals<\/li>\n \t<li>Carpaltunnelsyndrom<\/li>\n \t<li>Meniscusbeschwerden<\/li>\n \t<li>Kopfschmerz<\/span><\/li>\n \t<li>Schwindel<\/span><\/li>\n \t<li>Kieferproblematiken<\/li>\n<\/ul>\n[\/et_pb_text][\/et_pb_column][et_pb_column type=\"1_3\" _builder_version=\"4.23.1\" _module_preset=\"default\" global_colors_info=\"{}\"][\/et_pb_column][\/et_pb_row][et_pb_row _builder_version=\"4.23.1\" _module_preset=\"default\" background_color=\"#f8f3ee\" width=\"100%\" max_width=\"1920px\" custom_margin=\"-50px||||false|false\" custom_margin_tablet=\"-100px||||false|false\" custom_margin_phone=\"-150px||||false|false\" custom_margin_last_edited=\"on|phone\" custom_padding=\"||||false|false\" border_color_bottom=\"#000000\" global_colors_info=\"{}\"][et_pb_column type=\"4_4\" _builder_version=\"4.23.1\" _module_preset=\"default\" global_colors_info=\"{}\"][et_pb_button button_url=\"@ET-DC@eyJkeW5hbWljIjp0cnVlLCJjb250ZW50IjoicG9zdF9saW5rX3VybF9wYWdlIiwic2V0dGluZ3MiOnsicG9zdF9pZCI6IjE2NSJ9fQ==@\" button_text=\"Zum Therapieangebot\" button_alignment=\"center\" _builder_version=\"4.23.1\" _dynamic_attributes=\"button_url\" _module_preset=\"default\" custom_button=\"on\" button_text_color=\"#ffffff\" button_bg_color=\"#898fd4\" button_border_width=\"0px\" custom_margin=\"50px|||-800px|false|false\" custom_margin_tablet=\"0px||50px|0px|false|false\" custom_margin_phone=\"||0px|0px|false|false\" custom_margin_last_edited=\"on|desktop\" global_colors_info=\"{}\"][\/et_pb_button][\/et_pb_column][\/et_pb_row][et_pb_row column_structure=\"1_3,2_3\" _builder_version=\"4.23.1\" _module_preset=\"default\" background_color=\"#f8f3ee\" width=\"100%\" max_width=\"1920px\" custom_margin=\"100px|auto||auto||\" custom_margin_tablet=\"-50px||||false|false\" custom_margin_phone=\"0px||||false|false\" custom_margin_last_edited=\"on|phone\" custom_padding=\"||100px||false|false\" border_color_bottom=\"#000000\" global_colors_info=\"{}\"][et_pb_column type=\"1_3\" _builder_version=\"4.23.1\" _module_preset=\"default\" global_colors_info=\"{}\"][\/et_pb_column][et_pb_column type=\"2_3\" _builder_version=\"4.23.1\" _module_preset=\"default\" global_colors_info=\"{}\"][et_pb_text content_tablet=\"\n<h3 style=%22text-align: center;%22>Gyn<\/h3>\n\" content_phone=\"\n<h3 style=%22text-align: center;%22><strong>Gyn<\/strong><\/h3>\n\" content_last_edited=\"on|phone\" _builder_version=\"4.23.1\" _module_preset=\"default\" width=\"70%\" module_alignment=\"center\" global_colors_info=\"{}\"]\n<h3 style=\"text-align: left;\">GYN<\/h3>\n[\/et_pb_text][et_pb_text content_tablet=\"\n<h3 style=%22text-align: center;%22>Gyn\u00e4kologie und Geburtshilfe<\/h3>\n\" content_phone=\"\n<h3 style=%22text-align: center;%22><strong>Gyn\u00e4kologie und Geburtshilfe<\/strong><\/h3>\n\" content_last_edited=\"on|desktop\" _builder_version=\"4.23.1\" _module_preset=\"default\" width=\"70%\" module_alignment=\"center\" global_colors_info=\"{}\"]\n<h3 style=\"text-align: left;\">Gyn\u00e4kologie und Geburtshilfe<\/h3>\n[\/et_pb_text][et_pb_text content_tablet=\"\n<p style=%22text-align: center;%22>Your content goes here. Edit or remove this text inline or in the module Content settings. You can also style every aspect of this content in the module Design settings and even apply custom CSS to this text in the module Advanced settings.<\/p>\n\" content_phone=\"\n<p style=%22text-align: left;%22>Your content goes here. Edit or remove this text inline or in the module Content settings. You can also style every aspect of this content in the module Design settings and even apply custom CSS to this text in the module Advanced settings.<\/p>\n\" content_last_edited=\"off|phone\" _builder_version=\"4.23.1\" _module_preset=\"default\" width=\"70%\" width_tablet=\"80%\" width_phone=\"79%\" width_last_edited=\"on|desktop\" module_alignment=\"center\" global_colors_info=\"{}\"]\n\nDas Team unserer Praxis f\u00fcr Gyn\u00e4kologie und Geburtshilfe steht Frauen in allen Lebensphasen mit einer umfassenden und emphatischen Betreuung zur Seite. Unsere Fach\u00e4rztinnen, Dr. in med. univ. Verena Thalmann und Dr. in med. univ. Valentina Neuner, bieten das gesamte Spektrum an Beratung und Behandlungen im ambulanten Bereich der Frauengesundheit an. Wir legen gro\u00dfen Wert darauf, eine vertrauensvolle und wohlwollende Atmosph\u00e4re zu schaffen, in der sich jede Frau verstanden und bestens betreut f\u00fchlt.\n\n[\/et_pb_text][et_pb_text content_tablet=\"\n<h3 style=%22text-align: left;%22>Therapieangebot<\/h3>\n\" content_phone=\"\n<h3 style=%22text-align: left;%22><strong>Therapieangebot<\/strong><\/h3>\n\" content_last_edited=\"on|desktop\" _builder_version=\"4.23.1\" _module_preset=\"default\" width=\"70%\" width_tablet=\"80%\" width_phone=\"79%\" width_last_edited=\"on|desktop\" module_alignment=\"center\" global_colors_info=\"{}\"]\n<h3 style=\"text-align: left;\">Therapieangebot<\/h3>\n[\/et_pb_text][et_pb_text content_tablet=\"\n<p style=%22text-align: center;%22>Your content goes here. Edit or remove this text inline or in the module Content settings. You can also style every aspect of this content in the module Design settings and even apply custom CSS to this text in the module Advanced settings.<\/p>\n\" content_phone=\"\n<p style=%22text-align: left;%22>Your content goes here. Edit or remove this text inline or in the module Content settings. You can also style every aspect of this content in the module Design settings and even apply custom CSS to this text in the module Advanced settings.<\/p>\n\" content_last_edited=\"off|phone\" _builder_version=\"4.23.1\" _module_preset=\"default\" width=\"70%\" width_tablet=\"80%\" width_phone=\"79%\" width_last_edited=\"on|desktop\" module_alignment=\"center\" global_colors_info=\"{}\"]\n<ul>\n \t<li>Gyn\u00e4kologische Vorsorgeuntersuchungen, PAP- Abstriche\/HPV- Test<\/li>\n \t<li>Schwangerschaftsbetreuung<\/li>\n \t<li>Gyn\u00e4kologische Beschwerden<\/li>\n<\/ul>\n[\/et_pb_text][et_pb_button button_url=\"@ET-DC@eyJkeW5hbWljIjp0cnVlLCJjb250ZW50IjoicG9zdF9saW5rX3VybF9wYWdlIiwic2V0dGluZ3MiOnsicG9zdF9pZCI6IjE4MSJ9fQ==@\" button_text=\"Zum Therapieangebot\" button_alignment=\"center\" _builder_version=\"4.23.1\" _dynamic_attributes=\"button_url\" _module_preset=\"default\" custom_button=\"on\" button_text_color=\"#ffffff\" button_bg_color=\"#898fd4\" button_border_width=\"0px\" custom_margin=\"|||-350px|false|false\" custom_margin_tablet=\"||50px|0px|false|false\" custom_margin_phone=\"||0px|0px|false|false\" custom_margin_last_edited=\"on|desktop\" global_colors_info=\"{}\"][\/et_pb_button][\/et_pb_column][\/et_pb_row][et_pb_row column_structure=\"2_3,1_3\" _builder_version=\"4.23.1\" _module_preset=\"default\" background_color=\"#f8f3ee\" width=\"100%\" max_width=\"1920px\" custom_margin_tablet=\"-100px||||false|false\" custom_margin_phone=\"-50px||||false|false\" custom_margin_last_edited=\"on|phone\" custom_padding=\"||100px||false|false\" border_color_bottom=\"#000000\" global_colors_info=\"{}\"][et_pb_column type=\"2_3\" _builder_version=\"4.23.1\" _module_preset=\"default\" global_colors_info=\"{}\"][et_pb_text content_tablet=\"\n<h3 style=%22text-align: center;%22>Health<\/h3>\n\" content_phone=\"\n<h3 style=%22text-align: center;%22><strong>Health<\/strong><\/h3>\n\" content_last_edited=\"on|desktop\" _builder_version=\"4.23.1\" _module_preset=\"default\" width=\"70%\" module_alignment=\"center\" global_colors_info=\"{}\"]\n<h3 style=\"text-align: left;\">HEALTH<\/h3>\n[\/et_pb_text][et_pb_text content_tablet=\"\n<h3 style=%22text-align: center;%22> Gesundheitsf\u00f6rderung auf allen Ebenen<\/h3>\n\" content_phone=\"\n<h3 style=%22text-align: center;%22><strong>Gesundheitsf\u00f6rderung auf allen Ebenen<\/strong><\/h3>\n\" content_last_edited=\"on|desktop\" _builder_version=\"4.23.1\" _module_preset=\"default\" width=\"70%\" module_alignment=\"center\" global_colors_info=\"{}\"]\n<h3>Gesundheitsf\u00f6rderung auf allen Ebenen<\/h3>\n[\/et_pb_text][et_pb_text content_tablet=\"\n<p style=%22text-align: center;%22>Your content goes here. Edit or remove this text inline or in the module Content settings. You can also style every aspect of this content in the module Design settings and even apply custom CSS to this text in the module Advanced settings.<\/p>\n\" content_phone=\"\n<p style=%22text-align: left;%22>Your content goes here. Edit or remove this text inline or in the module Content settings. You can also style every aspect of this content in the module Design settings and even apply custom CSS to this text in the module Advanced settings.<\/p>\n\" content_last_edited=\"off|phone\" _builder_version=\"4.23.1\" _module_preset=\"default\" width=\"70%\" width_tablet=\"80%\" width_phone=\"79%\" width_last_edited=\"on|desktop\" module_alignment=\"center\" global_colors_info=\"{}\"]\n\n<span style=\"font-weight: 400;\">Der Bereich Gesundheit in der Praxis Milland zeichnet sich durch eine ganzheitliche Herangehensweise aus, die Schulmedizin und Komplement\u00e4rmedizin miteinander verbindet. Unsere Experten sind darauf spezialisiert, jeden Patienten individuell zu betrachten und ma\u00dfgeschneiderte L\u00f6sungen anzubieten. Mit einem breiten Angebot, das von Kinder- und Jugendheilkunde \u00fcber Akupunktur bis hin zu spezialisierter Ern\u00e4hrungsberatung und verschiedene aktive Trainingsgruppen reicht, streben wir danach, Ihre Gesundheit auf allen Ebenen zu f\u00f6rdern und zu erhalten.<\/span><span style=\"font-weight: 400;\"><\/span>\n\n[\/et_pb_text][et_pb_text content_tablet=\"\n<h3 style=%22text-align: left;%22>Behandelte Beschwerden<\/h3>\n\" content_phone=\"\n<h3 style=%22text-align: left;%22><strong>Behandelte Beschwerden<\/strong><\/h3>\n\" content_last_edited=\"on|phone\" _builder_version=\"4.23.1\" _module_preset=\"default\" width=\"70%\" width_tablet=\"80%\" width_phone=\"79%\" width_last_edited=\"on|desktop\" module_alignment=\"center\" global_colors_info=\"{}\"]\n<h3 style=\"text-align: left;\">Behandelte Beschwerden<\/h3>\n[\/et_pb_text][\/et_pb_column][et_pb_column type=\"1_3\" _builder_version=\"4.23.1\" _module_preset=\"default\" global_colors_info=\"{}\"][\/et_pb_column][\/et_pb_row][et_pb_row column_structure=\"1_3,1_3,1_3\" use_custom_gutter=\"on\" gutter_width=\"1\" _builder_version=\"4.23.1\" _module_preset=\"default\" background_color=\"#f8f3ee\" width=\"100%\" max_width=\"1920px\" custom_margin=\"-50px||||false|false\" custom_margin_tablet=\"-100px||||false|false\" custom_margin_phone=\"-150px||||false|false\" custom_margin_last_edited=\"on|phone\" custom_padding=\"||2px||false|false\" border_color_bottom=\"#000000\" global_colors_info=\"{}\"][et_pb_column type=\"1_3\" _builder_version=\"4.23.1\" _module_preset=\"default\" global_colors_info=\"{}\"][et_pb_text content_tablet=\"\n<p style=%22text-align: center;%22>Your content goes here. Edit or remove this text inline or in the module Content settings. You can also style every aspect of this content in the module Design settings and even apply custom CSS to this text in the module Advanced settings.<\/p>\n\" content_phone=\"\n<p style=%22text-align: left;%22>Your content goes here. Edit or remove this text inline or in the module Content settings. You can also style every aspect of this content in the module Design settings and even apply custom CSS to this text in the module Advanced settings.<\/p>\n\" content_last_edited=\"off|phone\" _builder_version=\"4.23.1\" _module_preset=\"default\" width=\"70%\" width_tablet=\"80%\" width_phone=\"79%\" width_last_edited=\"on|desktop\" module_alignment=\"center\" global_colors_info=\"{}\"]\n<h3><strong>Kinderarztpraxis (Dr. in Elisabeth Fulterer):<\/strong><\/h3>\n<ul>\n \t<li><span style=\"color: #1f497d;\">Allergien<\/span><\/li>\n \t<li><span style=\"color: #1f497d;\">\u00c4ngste <\/span><\/li>\n \t<li><span style=\"color: #1f497d;\">Schlafst\u00f6rungen<\/span><\/li>\n \t<li><span style=\"color: #1f497d;\">Infektanf\u00e4lligkeit<\/span><\/li>\n \t<li><span style=\"color: #1f497d;\">Ern\u00e4hrungsprobleme<\/span><\/li>\n \t<li><span style=\"color: #1f497d;\">Verdauungsbeschwerden<\/span><\/li>\n \t<li><span style=\"color: #1f497d;\">Bauchschmerzen<\/span><\/li>\n \t<li><span style=\"color: #1f497d;\">Kopfschmerzen\/Migr\u00e4ne<\/span><\/li>\n \t<li><span style=\"color: #1f497d;\">Enuresis<\/span><\/li>\n \t<li><span style=\"color: #1f497d;\">Reise\u00fcbelkeit<\/span><\/li>\n<\/ul>\n<span>Um weitere meiner Leistungen zu entdecken, besuchen Sie <span style=\"color: #f4a187;\"><a href=\"https:\/\/praxis-milland.com\/?page_id=261\" style=\"color: #f4a187;\">meine pers\u00f6nliche Seite.<\/a><\/span><\/span>\n\n[\/et_pb_text][\/et_pb_column][et_pb_column type=\"1_3\" _builder_version=\"4.23.1\" _module_preset=\"default\" global_colors_info=\"{}\"][et_pb_text content_tablet=\"\n<p style=%22text-align: center;%22>Your content goes here. Edit or remove this text inline or in the module Content settings. You can also style every aspect of this content in the module Design settings and even apply custom CSS to this text in the module Advanced settings.<\/p>\n\" content_phone=\"\n<p style=%22text-align: left;%22>Your content goes here. Edit or remove this text inline or in the module Content settings. You can also style every aspect of this content in the module Design settings and even apply custom CSS to this text in the module Advanced settings.<\/p>\n\" content_last_edited=\"off|phone\" _builder_version=\"4.23.1\" _module_preset=\"default\" width=\"70%\" width_tablet=\"80%\" width_phone=\"79%\" width_last_edited=\"on|desktop\" module_alignment=\"center\" global_colors_info=\"{}\"]\n<h3><strong><span style=\"font-size: 20px;\">Ohr und K\u00f6rperakupunktur (Dr. in Elisabeth Fulterer):<\/span><\/strong><\/h3>\n<ul>\n \t<li><span style=\"color: #1f497d;\"><span>Schmerzen<\/span><\/span><\/li>\n \t<li><span style=\"color: #1f497d;\"><span>Schmerzged\u00e4chtnis-L\u00f6schung bei chronischen Schmerzen (z.B. Migr\u00e4ne)<\/span><\/span><\/li>\n \t<li><span style=\"color: #1f497d;\"><span>St\u00f6rherd\/feld-Analyse bei unzureichend auf s\u00e4mtliche Therapien ansprechende oder immer wiederkehrende Beschwerden<\/span><\/span><\/li>\n \t<li><span style=\"color: #1f497d;\"><span>Regelbeschwerden<\/span><\/span><\/li>\n \t<li><span style=\"color: #1f497d;\"><span>Schlafst\u00f6rungen\/Schlaflosigkeit<\/span><\/span><\/li>\n<\/ul>\n<span><\/span>\n\n<span>Um weitere meiner Leistungen zu entdecken, besuchen Sie <a href=\"https:\/\/praxis-milland.com\/?page_id=261\">meine pers\u00f6nliche Seite.<\/a><\/span>\n\n[\/et_pb_text][\/et_pb_column][et_pb_column type=\"1_3\" _builder_version=\"4.23.1\" _module_preset=\"default\" global_colors_info=\"{}\"][et_pb_text content_tablet=\"\n<p style=%22text-align: center;%22>Your content goes here. Edit or remove this text inline or in the module Content settings. You can also style every aspect of this content in the module Design settings and even apply custom CSS to this text in the module Advanced settings.<\/p>\n\" content_phone=\"\n<p style=%22text-align: left;%22>Your content goes here. Edit or remove this text inline or in the module Content settings. You can also style every aspect of this content in the module Design settings and even apply custom CSS to this text in the module Advanced settings.<\/p>\n\" content_last_edited=\"off|phone\" _builder_version=\"4.23.1\" _module_preset=\"default\" width=\"70%\" width_tablet=\"80%\" width_phone=\"79%\" width_last_edited=\"on|desktop\" module_alignment=\"center\" global_colors_info=\"{}\"]\n<h3><strong>Ern\u00e4hrung (Matthias Unterkircher):<\/strong><\/h3>\n<ul>\n \t<li>Gewichtsmanagement<\/li>\n \t<li>Stoffwechselerkrankungen<\/li>\n \t<li>Herz-Kreislauf-Erkrankungen<\/li>\n \t<li>Verdauungsst\u00f6rungen<\/li>\n \t<li>Allergien und Unvertr\u00e4glichkeiten<\/li>\n \t<li>Nierenerkrankungen<\/li>\n \t<li>Krebserkrankungen<\/li>\n \t<li>Schwangerschaft und Stillzeit<\/li>\n \t<li>Kinder- und Jugendmedizin<\/li>\n \t<li>Alterungsprozess<\/li>\n \t<li>M\u00fcdigkeit<\/li>\n \t<li>Kopfschmerzen oder Schlaflosigkeit<\/li>\n \t<li>Beschwerden des rheumatischen Formkreises wie Gelenkbeschwerden, Kr\u00e4mpfe o.\u00e4<\/li>\n \t<li>Symptome wie Ekzeme, Aphten oder Hautausschl\u00e4ge<\/li>\n<\/ul>\n<p style=\"text-align: left;\"><br style=\"font-weight: 400;\" \/><br style=\"font-weight: 400;\" \/><\/p>\n[\/et_pb_text][\/et_pb_column][\/et_pb_row][et_pb_row _builder_version=\"4.23.1\" _module_preset=\"default\" background_color=\"#f8f3ee\" width=\"100%\" max_width=\"1920px\" custom_margin_tablet=\"-100px||||false|false\" custom_margin_phone=\"-50px||||false|false\" custom_margin_last_edited=\"on|phone\" custom_padding=\"||100px||false|false\" border_color_bottom=\"#000000\" global_colors_info=\"{}\"][et_pb_column type=\"4_4\" _builder_version=\"4.23.1\" _module_preset=\"default\" global_colors_info=\"{}\"][et_pb_button button_url=\"@ET-DC@eyJkeW5hbWljIjp0cnVlLCJjb250ZW50IjoicG9zdF9saW5rX3VybF9wYWdlIiwic2V0dGluZ3MiOnsicG9zdF9pZCI6IjE3NCJ9fQ==@\" button_text=\"Zum Therapieangebot\" button_alignment=\"center\" _builder_version=\"4.23.1\" _dynamic_attributes=\"button_url\" _module_preset=\"default\" custom_button=\"on\" button_text_color=\"#ffffff\" button_bg_color=\"#898fd4\" button_border_width=\"0px\" global_colors_info=\"{}\"][\/et_pb_button][\/et_pb_column][\/et_pb_row][\/et_pb_section]","_et_gb_content_width":"","footnotes":""},"class_list":["post-1428","page","type-page","status-publish","hentry"],"yoast_head":"<!-- This site is optimized with the Yoast SEO plugin v25.4 - https:\/\/yoast.com\/wordpress\/plugins\/seo\/ -->\n<title>Ambiti - Praxis Milland<\/title>\n<meta name=\"robots\" content=\"index, follow, max-snippet:-1, max-image-preview:large, max-video-preview:-1\" \/>\n<link rel=\"canonical\" href=\"https:\/\/praxis-milland.com\/?page_id=1428\" \/>\n<meta property=\"og:locale\" content=\"de_DE\" \/>\n<meta property=\"og:type\" content=\"article\" \/>\n<meta property=\"og:title\" content=\"Ambiti - Praxis Milland\" \/>\n<meta property=\"og:description\" content=\"AmbitiPHYSIOFisioterapia per alleviare il dolore e favorire il movimentoNel nostro reparto di fisioterapia offriamo una gamma completa di trattamenti volti a migliorare la mobilit\u00e0, alleviare il dolore e migliorare il benessere generale. Il nostro team esperto di fisioterapisti qualificati offre una variet\u00e0 di specializzazioni e metodi di trattamento, tra cui la terapia cranio-sacrale, la terapia [&hellip;]\" \/>\n<meta property=\"og:url\" content=\"https:\/\/praxis-milland.com\/?page_id=1428&amp;lang=it\" \/>\n<meta property=\"og:site_name\" content=\"Praxis Milland\" \/>\n<meta property=\"article:modified_time\" content=\"2025-07-07T10:09:16+00:00\" \/>\n<meta name=\"twitter:card\" content=\"summary_large_image\" \/>\n<meta name=\"twitter:label1\" content=\"Gesch\u00e4tzte Lesezeit\" \/>\n\t<meta name=\"twitter:data1\" content=\"3\u00a0Minuten\" \/>\n<script type=\"application\/ld+json\" class=\"yoast-schema-graph\">{\"@context\":\"https:\/\/schema.org\",\"@graph\":[{\"@type\":\"WebPage\",\"@id\":\"https:\/\/praxis-milland.com\/?page_id=1428&lang=it\",\"url\":\"https:\/\/praxis-milland.com\/?page_id=1428&lang=it\",\"name\":\"Ambiti - Praxis Milland\",\"isPartOf\":{\"@id\":\"https:\/\/praxis-milland.com\/#website\"},\"datePublished\":\"2017-11-22T14:31:17+00:00\",\"dateModified\":\"2025-07-07T10:09:16+00:00\",\"breadcrumb\":{\"@id\":\"https:\/\/praxis-milland.com\/?page_id=1428&lang=it#breadcrumb\"},\"inLanguage\":\"de\",\"potentialAction\":[{\"@type\":\"ReadAction\",\"target\":[\"https:\/\/praxis-milland.com\/?page_id=1428&lang=it\"]}]},{\"@type\":\"BreadcrumbList\",\"@id\":\"https:\/\/praxis-milland.com\/?page_id=1428&lang=it#breadcrumb\",\"itemListElement\":[{\"@type\":\"ListItem\",\"position\":1,\"name\":\"Home\",\"item\":\"https:\/\/praxis-milland.com\/\"},{\"@type\":\"ListItem\",\"position\":2,\"name\":\"Ambiti\"}]},{\"@type\":\"WebSite\",\"@id\":\"https:\/\/praxis-milland.com\/#website\",\"url\":\"https:\/\/praxis-milland.com\/\",\"name\":\"Praxis Milland\",\"description\":\"Physio Gyn Health\",\"potentialAction\":[{\"@type\":\"SearchAction\",\"target\":{\"@type\":\"EntryPoint\",\"urlTemplate\":\"https:\/\/praxis-milland.com\/?s={search_term_string}\"},\"query-input\":{\"@type\":\"PropertyValueSpecification\",\"valueRequired\":true,\"valueName\":\"search_term_string\"}}],\"inLanguage\":\"de\"}]}<\/script>\n<!-- \/ Yoast SEO plugin. -->","yoast_head_json":{"title":"Ambiti - Praxis Milland","robots":{"index":"index","follow":"follow","max-snippet":"max-snippet:-1","max-image-preview":"max-image-preview:large","max-video-preview":"max-video-preview:-1"},"canonical":"https:\/\/praxis-milland.com\/?page_id=1428","og_locale":"de_DE","og_type":"article","og_title":"Ambiti - Praxis Milland","og_description":"AmbitiPHYSIOFisioterapia per alleviare il dolore e favorire il movimentoNel nostro reparto di fisioterapia offriamo una gamma completa di trattamenti volti a migliorare la mobilit\u00e0, alleviare il dolore e migliorare il benessere generale. Il nostro team esperto di fisioterapisti qualificati offre una variet\u00e0 di specializzazioni e metodi di trattamento, tra cui la terapia cranio-sacrale, la terapia [&hellip;]","og_url":"https:\/\/praxis-milland.com\/?page_id=1428&lang=it","og_site_name":"Praxis Milland","article_modified_time":"2025-07-07T10:09:16+00:00","twitter_card":"summary_large_image","twitter_misc":{"Gesch\u00e4tzte Lesezeit":"3\u00a0Minuten"},"schema":{"@context":"https:\/\/schema.org","@graph":[{"@type":"WebPage","@id":"https:\/\/praxis-milland.com\/?page_id=1428&lang=it","url":"https:\/\/praxis-milland.com\/?page_id=1428&lang=it","name":"Ambiti - Praxis Milland","isPartOf":{"@id":"https:\/\/praxis-milland.com\/#website"},"datePublished":"2017-11-22T14:31:17+00:00","dateModified":"2025-07-07T10:09:16+00:00","breadcrumb":{"@id":"https:\/\/praxis-milland.com\/?page_id=1428&lang=it#breadcrumb"},"inLanguage":"de","potentialAction":[{"@type":"ReadAction","target":["https:\/\/praxis-milland.com\/?page_id=1428&lang=it"]}]},{"@type":"BreadcrumbList","@id":"https:\/\/praxis-milland.com\/?page_id=1428&lang=it#breadcrumb","itemListElement":[{"@type":"ListItem","position":1,"name":"Home","item":"https:\/\/praxis-milland.com\/"},{"@type":"ListItem","position":2,"name":"Ambiti"}]},{"@type":"WebSite","@id":"https:\/\/praxis-milland.com\/#website","url":"https:\/\/praxis-milland.com\/","name":"Praxis Milland","description":"Physio Gyn Health","potentialAction":[{"@type":"SearchAction","target":{"@type":"EntryPoint","urlTemplate":"https:\/\/praxis-milland.com\/?s={search_term_string}"},"query-input":{"@type":"PropertyValueSpecification","valueRequired":true,"valueName":"search_term_string"}}],"inLanguage":"de"}]}},"_links":{"self":[{"href":"https:\/\/praxis-milland.com\/index.php?rest_route=\/wp\/v2\/pages\/1428","targetHints":{"allow":["GET"]}}],"collection":[{"href":"https:\/\/praxis-milland.com\/index.php?rest_route=\/wp\/v2\/pages"}],"about":[{"href":"https:\/\/praxis-milland.com\/index.php?rest_route=\/wp\/v2\/types\/page"}],"author":[{"embeddable":true,"href":"https:\/\/praxis-milland.com\/index.php?rest_route=\/wp\/v2\/users\/2"}],"replies":[{"embeddable":true,"href":"https:\/\/praxis-milland.com\/index.php?rest_route=%2Fwp%2Fv2%2Fcomments&post=1428"}],"version-history":[{"count":16,"href":"https:\/\/praxis-milland.com\/index.php?rest_route=\/wp\/v2\/pages\/1428\/revisions"}],"predecessor-version":[{"id":1763,"href":"https:\/\/praxis-milland.com\/index.php?rest_route=\/wp\/v2\/pages\/1428\/revisions\/1763"}],"wp:attachment":[{"href":"https:\/\/praxis-milland.com\/index.php?rest_route=%2Fwp%2Fv2%2Fmedia&parent=1428"}],"curies":[{"name":"wp","href":"https:\/\/api.w.org\/{rel}","templated":true}]}}