{"id":261,"date":"2023-11-24T10:53:16","date_gmt":"2023-11-24T10:53:16","guid":{"rendered":"https:\/\/praxis-milland.com\/?page_id=261"},"modified":"2024-02-15T10:47:21","modified_gmt":"2024-02-15T10:47:21","slug":"dr-elisabeth-fulterer","status":"publish","type":"page","link":"https:\/\/praxis-milland.com\/?page_id=261","title":{"rendered":"Dr. in Elisabeth Fulterer"},"content":{"rendered":"<p>[et_pb_section fb_built=&#8220;1&#8243; _builder_version=&#8220;4.23.1&#8243; _module_preset=&#8220;default&#8220; background_color=&#8220;#f8f3ee&#8220; custom_margin=&#8220;||||false|false&#8220; custom_padding=&#8220;0px||0px||false|false&#8220; global_colors_info=&#8220;{}&#8220;][et_pb_row _builder_version=&#8220;4.23.1&#8243; _module_preset=&#8220;default&#8220; background_color=&#8220;#FFFFFF&#8220; width=&#8220;100%&#8220; max_width=&#8220;2600px&#8220; custom_margin=&#8220;30px||||false|false&#8220; global_colors_info=&#8220;{}&#8220;][et_pb_column type=&#8220;4_4&#8243; _builder_version=&#8220;4.23.1&#8243; _module_preset=&#8220;default&#8220; global_colors_info=&#8220;{}&#8220;][et_pb_image src=&#8220;https:\/\/praxis-milland.com\/wp-content\/uploads\/2023\/11\/Logo-Bereiche-1.png&#8220; title_text=&#8220;Logo-Bereiche&#8220; url=&#8220;@ET-DC@eyJkeW5hbWljIjp0cnVlLCJjb250ZW50IjoicG9zdF9saW5rX3VybF9wYWdlIiwic2V0dGluZ3MiOnsicG9zdF9pZCI6IjEwNiJ9fQ==@&#8220; align=&#8220;center&#8220; _builder_version=&#8220;4.23.1&#8243; _dynamic_attributes=&#8220;url&#8220; _module_preset=&#8220;default&#8220; module_alignment=&#8220;center&#8220; max_height=&#8220;100px&#8220; custom_margin=&#8220;25px||25px||false|false&#8220; global_colors_info=&#8220;{}&#8220;][\/et_pb_image][\/et_pb_column][\/et_pb_row][et_pb_row column_structure=&#8220;2_5,3_5&#8243; _builder_version=&#8220;4.23.1&#8243; _module_preset=&#8220;default&#8220; background_color=&#8220;#f8f3ee&#8220; max_width=&#8220;1920px&#8220; custom_margin=&#8220;||||false|false&#8220; custom_margin_tablet=&#8220;0px||||false|false&#8220; custom_margin_phone=&#8220;0px||||false|false&#8220; custom_margin_last_edited=&#8220;off|desktop&#8220; custom_padding=&#8220;100px||||false|false&#8220; border_color_bottom=&#8220;#000000&#8243; global_colors_info=&#8220;{}&#8220;][et_pb_column type=&#8220;2_5&#8243; _builder_version=&#8220;4.23.1&#8243; _module_preset=&#8220;default&#8220; global_colors_info=&#8220;{}&#8220;][et_pb_image src=&#8220;https:\/\/praxis-milland.com\/wp-content\/uploads\/2023\/11\/elisabeth.jpg&#8220; title_text=&#8220;elisabeth&#8220; _builder_version=&#8220;4.23.1&#8243; _module_preset=&#8220;default&#8220; border_radii=&#8220;on|20px|20px|20px|20px&#8220; global_colors_info=&#8220;{}&#8220;][\/et_pb_image][\/et_pb_column][et_pb_column type=&#8220;3_5&#8243; _builder_version=&#8220;4.23.1&#8243; _module_preset=&#8220;default&#8220; global_colors_info=&#8220;{}&#8220;][et_pb_text content_tablet=&#8220;<\/p>\n<h5><span style=%22font-weight: 400;%22>Dr. in Elisabeth Fulterer<\/span><\/h5>\n<p>&#8220; content_phone=&#8220;<\/p>\n<h1 style=%22text-align: center;%22><span style=%22font-weight: 400;%22>Dr. in Elisabeth Fulterer<\/span><\/h1>\n<p>&#8220; content_last_edited=&#8220;on|phone&#8220; _builder_version=&#8220;4.23.1&#8243; _module_preset=&#8220;default&#8220; global_colors_info=&#8220;{}&#8220;]<\/p>\n<h5><span style=\"font-weight: 400;\">Dr. in Elisabeth Fulterer<\/span><\/h5>\n<p>[\/et_pb_text][et_pb_text _builder_version=&#8220;4.23.1&#8243; _module_preset=&#8220;default&#8220; global_colors_info=&#8220;{}&#8220;]<\/p>\n<blockquote>\n<p><span style=\"font-weight: 400;\">Ich bin Fach\u00e4rztin f\u00fcr Kinder- und Jugendheilkunde und habe Zusatzausbildungen in Akupunktur.<\/span><\/p>\n<\/blockquote>\n<p>[\/et_pb_text][et_pb_text _builder_version=&#8220;4.23.1&#8243; _module_preset=&#8220;default&#8220; global_colors_info=&#8220;{}&#8220;]<\/p>\n<p><span style=\"font-weight: 400;\">Eine ganzheitliche Betreuung der gesamten Familie liegt mir besonders am Herzen. Durch die Verbindung von Schulmedizin und Komplement\u00e4rmedizin kann ich meine kleinen und gro\u00dfen Patienten bestm\u00f6glich auf ihrem Weg zu mehr Gesundheit begleiten.<\/span><\/p>\n<p>[\/et_pb_text][\/et_pb_column][\/et_pb_row][et_pb_row column_structure=&#8220;2_5,3_5&#8243; _builder_version=&#8220;4.23.1&#8243; _module_preset=&#8220;default&#8220; background_color=&#8220;#f8f3ee&#8220; max_width=&#8220;1920px&#8220; custom_margin=&#8220;||||false|false&#8220; custom_margin_tablet=&#8220;0px||||false|false&#8220; custom_margin_phone=&#8220;0px||||false|false&#8220; custom_margin_last_edited=&#8220;off|desktop&#8220; custom_padding=&#8220;||||false|false&#8220; border_color_bottom=&#8220;#000000&#8243; global_colors_info=&#8220;{}&#8220;][et_pb_column type=&#8220;2_5&#8243; _builder_version=&#8220;4.23.1&#8243; _module_preset=&#8220;default&#8220; global_colors_info=&#8220;{}&#8220;][et_pb_text content_tablet=&#8220;<\/p>\n<p style=%22text-align: left;%22><span style=%22color: #898fd4;%22>Angebot<\/span><\/p>\n<p>&#8220; content_phone=&#8220;<\/p>\n<p style=%22text-align: left;%22><span style=%22color: #898fd4;%22>Angebot<\/span><\/p>\n<p>&#8220; content_last_edited=&#8220;on|phone&#8220; _builder_version=&#8220;4.23.1&#8243; _module_preset=&#8220;default&#8220; global_colors_info=&#8220;{}&#8220;]<\/p>\n<p style=\"text-align: right;\"><span style=\"color: #898fd4;\">Angebot<\/span><\/p>\n<p>[\/et_pb_text][\/et_pb_column][et_pb_column type=&#8220;3_5&#8243; _builder_version=&#8220;4.23.1&#8243; _module_preset=&#8220;default&#8220; global_colors_info=&#8220;{}&#8220;][et_pb_text _builder_version=&#8220;4.23.1&#8243; _dynamic_attributes=&#8220;link_option_url&#8220; _module_preset=&#8220;default&#8220; link_option_url=&#8220;@ET-DC@eyJkeW5hbWljIjp0cnVlLCJjb250ZW50IjoicG9zdF9saW5rX3VybF9wYWdlIiwic2V0dGluZ3MiOnsicG9zdF9pZCI6IjE3NCJ9fQ==@&#8220; hover_enabled=&#8220;0&#8243; global_colors_info=&#8220;{}&#8220; sticky_enabled=&#8220;0&#8243;]<\/p>\n<p><strong>Kinder- und Jugendheilkunde\u00a0<\/strong><\/p>\n<p><strong><\/strong><\/p>\n<ul>\n<li><span style=\"color: #1f497d;\"><span>Vorsorgeuntersuchungen<\/span><\/span><\/li>\n<li><span style=\"color: #1f497d;\"><span>P\u00e4diatrische Visiten\u00a0<\/span><\/span><\/li>\n<li><span style=\"color: #1f497d;\">Allergien<\/span><\/li>\n<li><span style=\"color: #1f497d;\">\u00c4ngste<\/span><\/li>\n<li><span style=\"color: #1f497d;\">ADHS<\/span><\/li>\n<li><span style=\"color: #1f497d;\">Schlafst\u00f6rungen<\/span><\/li>\n<li><span style=\"color: #1f497d;\">Infektanf\u00e4lligkeit<\/span><\/li>\n<li><span style=\"color: #1f497d;\">Ern\u00e4hrungsprobleme<\/span><\/li>\n<li><span style=\"color: #1f497d;\">Verdauungsbeschwerden<\/span><\/li>\n<li><span style=\"color: #1f497d;\">Bauchschmerzen<\/span><\/li>\n<li><span style=\"color: #1f497d;\">3-Monatskoliken<\/span><\/li>\n<li><span style=\"color: #1f497d;\">Kopfschmerzen\/Migr\u00e4ne<\/span><\/li>\n<li><span style=\"color: #1f497d;\">Enuresis <span>(Bettn\u00e4ssen)<\/span><\/span><\/li>\n<li><span style=\"color: #1f497d;\">Reise\u00fcbelkeit<\/span><\/li>\n<li><span style=\"color: #1f497d;\">Regelschmerzen<\/span><\/li>\n<li><span style=\"color: #1f497d;\">Zyklusst\u00f6rungen<\/span><\/li>\n<li><span><span style=\"color: #1f497d;\">\u2026<\/span> <span style=\"color: #333333;\"><span style=\"color: #1f497d;\">und vieles Weitere mehr<\/span><br \/><\/span><\/span><\/li>\n<\/ul>\n<p><strong><\/strong><\/p>\n<p><strong><span style=\"color: #1f497d;\"><span>Ohr-und K\u00f6rperakupunktur, Aurikulomedizin<\/span><\/span><\/strong><\/p>\n<p><strong><span style=\"color: #1f497d;\"><\/span><\/strong><\/p>\n<ul>\n<li><span style=\"color: #1f497d;\"><span>Schmerzen<\/span><\/span><\/li>\n<li><span style=\"color: #1f497d;\"><span>Schmerzged\u00e4chtnis-L\u00f6schung bei chronischen Schmerzen (z.B. Migr\u00e4ne)<\/span><\/span><\/li>\n<li><span style=\"color: #1f497d;\"><span>St\u00f6rherd\/feld-Analyse bei unzureichend auf s\u00e4mtliche Therapien ansprechende oder immer wiederkehrende Beschwerden<\/span><\/span><\/li>\n<li><span style=\"color: #1f497d;\"><span>Regelbeschwerden<\/span><\/span><\/li>\n<li><span style=\"color: #1f497d;\"><span>Schlafst\u00f6rungen\/Schlaflosigkeit <\/span><\/span><\/li>\n<li><span style=\"color: #1f497d;\"><span>Allergien<\/span><\/span><\/li>\n<li><span style=\"color: #1f497d;\"><span>\u00c4ngste<\/span><\/span><\/li>\n<li><span style=\"color: #1f497d;\"><span>ADHS<\/span><\/span><\/li>\n<li><span style=\"color: #1f497d;\"><span>Schlafst\u00f6rungen<\/span><\/span><\/li>\n<li><span style=\"color: #1f497d;\"><span>Regelschmerzen<\/span><\/span><\/li>\n<li><span style=\"color: #1f497d;\"><span>Zyklusst\u00f6rungen<\/span><\/span><\/li>\n<li><span style=\"color: #1f497d;\"><span>Infektanf\u00e4lligkeit<\/span><\/span><\/li>\n<li><span style=\"color: #1f497d;\"><span>Kinderwunsch<\/span><\/span><\/li>\n<li><span style=\"color: #1f497d;\"><span>Geburtsvorbereitung<\/span><\/span><\/li>\n<li><span style=\"color: #1f497d;\"><span>Beschwerden nach der Geburt<\/span><\/span><\/li>\n<li><span style=\"color: #1f497d;\"><span>Verdauungsbeschwerden<\/span><\/span><\/li>\n<li><span style=\"color: #1f497d;\"><span>Schwindel<\/span><\/span><\/li>\n<li><span style=\"color: #1f497d;\"><span>Tinnitus<\/span><\/span><\/li>\n<li><span style=\"color: #1f497d;\"><span>Hautprobleme<\/span><\/span><\/li>\n<li><span style=\"color: #1f497d;\"><span>Niko<span style=\"color: #1f497d;\">tinentw\u00f6hnung<\/span><\/span><\/span><\/li>\n<li><span style=\"color: #1f497d;\">\u2026<\/span><span>\u00a0<span style=\"color: #333333;\"><span style=\"color: #1f497d;\">und vieles Weitere mehr<\/span><\/span><\/span><\/li>\n<\/ul>\n<p><span style=\"color: #1f497d;\"><\/span><\/p>\n<p><span style=\"color: #1f497d;\">Im Rahmen meiner ausf\u00fchrlichen Beratung lege ich auch gro\u00dfen Wert auf die f\u00fcr Sie richtige Ern\u00e4hrung und Lebensf\u00fchrung und verrate Ihnen einfache, aber wertvolle Tipps und begleite Sie auf dem Weg zur Umsetzung.<\/span><span style=\"color: #333333;\"><br \/><\/span><\/p>\n<p><span style=\"color: #1f497d;\"><\/span><\/p>\n<p><span style=\"color: #1f497d;\"><\/span><\/p>\n<p>[\/et_pb_text][et_pb_text _builder_version=&#8220;4.23.1&#8243; _module_preset=&#8220;default&#8220; global_colors_info=&#8220;{}&#8220;]<\/p>\n<p><span style=\"color: #1f497d;\"><span>Gerne antworte ich auf Anfragen Ihrerseits unter <a href=\"mailto:e.fulterer@praxis-milland.com\">e.fulterer@praxis-milland.com<\/a> (gerne auch pers\u00f6nlich per Telefon wenn Sie mir Ihre Telefonnummer hinterlassen).<\/span><\/span><\/p>\n<p>[\/et_pb_text][\/et_pb_column][\/et_pb_row][et_pb_row column_structure=&#8220;2_5,3_5&#8243; _builder_version=&#8220;4.23.1&#8243; _module_preset=&#8220;default&#8220; background_color=&#8220;#f8f3ee&#8220; max_width=&#8220;1920px&#8220; custom_margin=&#8220;||||false|false&#8220; custom_margin_tablet=&#8220;0px||||false|false&#8220; custom_margin_phone=&#8220;0px||||false|false&#8220; custom_margin_last_edited=&#8220;off|desktop&#8220; custom_padding=&#8220;||||false|false&#8220; border_color_bottom=&#8220;#000000&#8243; global_colors_info=&#8220;{}&#8220;][et_pb_column type=&#8220;2_5&#8243; _builder_version=&#8220;4.23.1&#8243; _module_preset=&#8220;default&#8220; global_colors_info=&#8220;{}&#8220;][et_pb_button button_url=&#8220;@ET-DC@eyJkeW5hbWljIjp0cnVlLCJjb250ZW50IjoicG9zdF9saW5rX3VybF9wYWdlIiwic2V0dGluZ3MiOnsicG9zdF9pZCI6Ijk5In19@&#8220; button_text=&#8220;Zum Team&#8220; _builder_version=&#8220;4.23.1&#8243; _dynamic_attributes=&#8220;button_url&#8220; _module_preset=&#8220;default&#8220; custom_button=&#8220;on&#8220; button_text_color=&#8220;#FFFFFF&#8220; button_bg_color=&#8220;#f1c4af&#8220; button_border_color=&#8220;RGBA(255,255,255,0)&#8220; button_icon=&#8220;&#x34;||divi||400&#8243; button_icon_placement=&#8220;left&#8220; global_colors_info=&#8220;{}&#8220; button_bg_color__hover_enabled=&#8220;off|desktop&#8220; button_bg_color__hover=&#8220;#f1c4af&#8220; button_bg_enable_color__hover=&#8220;on&#8220; button_text_color__hover_enabled=&#8220;off|desktop&#8220; button_text_color__hover=&#8220;#FFFFFF&#8220;][\/et_pb_button][\/et_pb_column][et_pb_column type=&#8220;3_5&#8243; _builder_version=&#8220;4.23.1&#8243; _module_preset=&#8220;default&#8220; global_colors_info=&#8220;{}&#8220;][\/et_pb_column][\/et_pb_row][\/et_pb_section]<\/p>\n","protected":false},"excerpt":{"rendered":"<p>Dr. in Elisabeth Fulterer Ich bin Fach\u00e4rztin f\u00fcr Kinder- und Jugendheilkunde und habe Zusatzausbildungen in Akupunktur. Eine ganzheitliche Betreuung der gesamten Familie liegt mir besonders am Herzen. Durch die Verbindung von Schulmedizin und Komplement\u00e4rmedizin kann ich meine kleinen und gro\u00dfen Patienten bestm\u00f6glich auf ihrem Weg zu mehr Gesundheit begleiten.AngebotKinder- und Jugendheilkunde\u00a0 Vorsorgeuntersuchungen P\u00e4diatrische Visiten\u00a0 Allergien [&hellip;]<\/p>\n","protected":false},"author":2,"featured_media":0,"parent":99,"menu_order":0,"comment_status":"closed","ping_status":"closed","template":"","meta":{"_et_pb_use_builder":"on","_et_pb_old_content":"","_et_gb_content_width":"","footnotes":""},"class_list":["post-261","page","type-page","status-publish","hentry"],"yoast_head":"<!-- This site is optimized with the Yoast SEO plugin v25.4 - https:\/\/yoast.com\/wordpress\/plugins\/seo\/ -->\n<title>Dr. in Elisabeth Fulterer - Praxis Milland<\/title>\n<meta name=\"robots\" content=\"index, follow, max-snippet:-1, max-image-preview:large, max-video-preview:-1\" \/>\n<link rel=\"canonical\" href=\"https:\/\/praxis-milland.com\/?page_id=261\" \/>\n<meta property=\"og:locale\" content=\"de_DE\" \/>\n<meta property=\"og:type\" content=\"article\" \/>\n<meta property=\"og:title\" content=\"Dr. in Elisabeth Fulterer - Praxis Milland\" \/>\n<meta property=\"og:description\" content=\"Dr. in Elisabeth Fulterer Ich bin Fach\u00e4rztin f\u00fcr Kinder- und Jugendheilkunde und habe Zusatzausbildungen in Akupunktur. Eine ganzheitliche Betreuung der gesamten Familie liegt mir besonders am Herzen. Durch die Verbindung von Schulmedizin und Komplement\u00e4rmedizin kann ich meine kleinen und gro\u00dfen Patienten bestm\u00f6glich auf ihrem Weg zu mehr Gesundheit begleiten.AngebotKinder- und Jugendheilkunde\u00a0 Vorsorgeuntersuchungen P\u00e4diatrische Visiten\u00a0 Allergien [&hellip;]\" \/>\n<meta property=\"og:url\" content=\"https:\/\/praxis-milland.com\/?page_id=261\" \/>\n<meta property=\"og:site_name\" content=\"Praxis Milland\" \/>\n<meta property=\"article:modified_time\" content=\"2024-02-15T10:47:21+00:00\" \/>\n<meta name=\"twitter:card\" content=\"summary_large_image\" \/>\n<meta name=\"twitter:label1\" content=\"Gesch\u00e4tzte Lesezeit\" \/>\n\t<meta name=\"twitter:data1\" content=\"4\u00a0Minuten\" \/>\n<script type=\"application\/ld+json\" class=\"yoast-schema-graph\">{\"@context\":\"https:\/\/schema.org\",\"@graph\":[{\"@type\":\"WebPage\",\"@id\":\"https:\/\/praxis-milland.com\/?page_id=261\",\"url\":\"https:\/\/praxis-milland.com\/?page_id=261\",\"name\":\"Dr. in Elisabeth Fulterer - Praxis Milland\",\"isPartOf\":{\"@id\":\"https:\/\/praxis-milland.com\/#website\"},\"datePublished\":\"2023-11-24T10:53:16+00:00\",\"dateModified\":\"2024-02-15T10:47:21+00:00\",\"breadcrumb\":{\"@id\":\"https:\/\/praxis-milland.com\/?page_id=261#breadcrumb\"},\"inLanguage\":\"de\",\"potentialAction\":[{\"@type\":\"ReadAction\",\"target\":[\"https:\/\/praxis-milland.com\/?page_id=261\"]}]},{\"@type\":\"BreadcrumbList\",\"@id\":\"https:\/\/praxis-milland.com\/?page_id=261#breadcrumb\",\"itemListElement\":[{\"@type\":\"ListItem\",\"position\":1,\"name\":\"Home\",\"item\":\"https:\/\/praxis-milland.com\/\"},{\"@type\":\"ListItem\",\"position\":2,\"name\":\"Team\",\"item\":\"https:\/\/praxis-milland.com\/?page_id=758\"},{\"@type\":\"ListItem\",\"position\":3,\"name\":\"Dr. in Elisabeth Fulterer\"}]},{\"@type\":\"WebSite\",\"@id\":\"https:\/\/praxis-milland.com\/#website\",\"url\":\"https:\/\/praxis-milland.com\/\",\"name\":\"Praxis Milland\",\"description\":\"Physio Gyn Health\",\"potentialAction\":[{\"@type\":\"SearchAction\",\"target\":{\"@type\":\"EntryPoint\",\"urlTemplate\":\"https:\/\/praxis-milland.com\/?s={search_term_string}\"},\"query-input\":{\"@type\":\"PropertyValueSpecification\",\"valueRequired\":true,\"valueName\":\"search_term_string\"}}],\"inLanguage\":\"de\"}]}<\/script>\n<!-- \/ Yoast SEO plugin. -->","yoast_head_json":{"title":"Dr. in Elisabeth Fulterer - Praxis Milland","robots":{"index":"index","follow":"follow","max-snippet":"max-snippet:-1","max-image-preview":"max-image-preview:large","max-video-preview":"max-video-preview:-1"},"canonical":"https:\/\/praxis-milland.com\/?page_id=261","og_locale":"de_DE","og_type":"article","og_title":"Dr. in Elisabeth Fulterer - Praxis Milland","og_description":"Dr. in Elisabeth Fulterer Ich bin Fach\u00e4rztin f\u00fcr Kinder- und Jugendheilkunde und habe Zusatzausbildungen in Akupunktur. Eine ganzheitliche Betreuung der gesamten Familie liegt mir besonders am Herzen. Durch die Verbindung von Schulmedizin und Komplement\u00e4rmedizin kann ich meine kleinen und gro\u00dfen Patienten bestm\u00f6glich auf ihrem Weg zu mehr Gesundheit begleiten.AngebotKinder- und Jugendheilkunde\u00a0 Vorsorgeuntersuchungen P\u00e4diatrische Visiten\u00a0 Allergien [&hellip;]","og_url":"https:\/\/praxis-milland.com\/?page_id=261","og_site_name":"Praxis Milland","article_modified_time":"2024-02-15T10:47:21+00:00","twitter_card":"summary_large_image","twitter_misc":{"Gesch\u00e4tzte Lesezeit":"4\u00a0Minuten"},"schema":{"@context":"https:\/\/schema.org","@graph":[{"@type":"WebPage","@id":"https:\/\/praxis-milland.com\/?page_id=261","url":"https:\/\/praxis-milland.com\/?page_id=261","name":"Dr. in Elisabeth Fulterer - Praxis Milland","isPartOf":{"@id":"https:\/\/praxis-milland.com\/#website"},"datePublished":"2023-11-24T10:53:16+00:00","dateModified":"2024-02-15T10:47:21+00:00","breadcrumb":{"@id":"https:\/\/praxis-milland.com\/?page_id=261#breadcrumb"},"inLanguage":"de","potentialAction":[{"@type":"ReadAction","target":["https:\/\/praxis-milland.com\/?page_id=261"]}]},{"@type":"BreadcrumbList","@id":"https:\/\/praxis-milland.com\/?page_id=261#breadcrumb","itemListElement":[{"@type":"ListItem","position":1,"name":"Home","item":"https:\/\/praxis-milland.com\/"},{"@type":"ListItem","position":2,"name":"Team","item":"https:\/\/praxis-milland.com\/?page_id=758"},{"@type":"ListItem","position":3,"name":"Dr. in Elisabeth Fulterer"}]},{"@type":"WebSite","@id":"https:\/\/praxis-milland.com\/#website","url":"https:\/\/praxis-milland.com\/","name":"Praxis Milland","description":"Physio Gyn Health","potentialAction":[{"@type":"SearchAction","target":{"@type":"EntryPoint","urlTemplate":"https:\/\/praxis-milland.com\/?s={search_term_string}"},"query-input":{"@type":"PropertyValueSpecification","valueRequired":true,"valueName":"search_term_string"}}],"inLanguage":"de"}]}},"_links":{"self":[{"href":"https:\/\/praxis-milland.com\/index.php?rest_route=\/wp\/v2\/pages\/261","targetHints":{"allow":["GET"]}}],"collection":[{"href":"https:\/\/praxis-milland.com\/index.php?rest_route=\/wp\/v2\/pages"}],"about":[{"href":"https:\/\/praxis-milland.com\/index.php?rest_route=\/wp\/v2\/types\/page"}],"author":[{"embeddable":true,"href":"https:\/\/praxis-milland.com\/index.php?rest_route=\/wp\/v2\/users\/2"}],"replies":[{"embeddable":true,"href":"https:\/\/praxis-milland.com\/index.php?rest_route=%2Fwp%2Fv2%2Fcomments&post=261"}],"version-history":[{"count":21,"href":"https:\/\/praxis-milland.com\/index.php?rest_route=\/wp\/v2\/pages\/261\/revisions"}],"predecessor-version":[{"id":1690,"href":"https:\/\/praxis-milland.com\/index.php?rest_route=\/wp\/v2\/pages\/261\/revisions\/1690"}],"up":[{"embeddable":true,"href":"https:\/\/praxis-milland.com\/index.php?rest_route=\/wp\/v2\/pages\/99"}],"wp:attachment":[{"href":"https:\/\/praxis-milland.com\/index.php?rest_route=%2Fwp%2Fv2%2Fmedia&parent=261"}],"curies":[{"name":"wp","href":"https:\/\/api.w.org\/{rel}","templated":true}]}}